{"id":20479,"date":"2026-01-09T11:07:20","date_gmt":"2026-01-09T11:07:20","guid":{"rendered":"https:\/\/www.visitguarda.pt\/evento\/inauguracao-da-exposicao-uma-decada-de-siac-colecao-e-processo\/"},"modified":"2026-03-12T13:00:09","modified_gmt":"2026-03-12T13:00:09","slug":"inauguracao-da-exposicao-uma-decada-de-siac-colecao-e-processo","status":"publish","type":"evento","link":"https:\/\/www.visitguarda.pt\/es\/evento\/inauguracao-da-exposicao-uma-decada-de-siac-colecao-e-processo\/","title":{"rendered":"INAUGURA\u00c7\u00c3O DA EXPOSI\u00c7\u00c3O | Uma D\u00e9cada de SIAC: Cole\u00e7\u00e3o e Processo"},"content":{"rendered":"<p>A exposi\u00e7\u00e3o re\u00fane uma constela\u00e7\u00e3o de obras produzidas ao longo das oito edi\u00e7\u00f5es do Simp\u00f3sio Internacional de Arte Contempor\u00e2nea. Pintura, escultura, desenho, gravura, arte digital, fotografia e instala\u00e7\u00e3o comp\u00f5em um acervo diverso, mas ligado por uma mesma respira\u00e7\u00e3o: a da criatividade, da mem\u00f3ria e do gesto humano.<\/p>\n<p>18h00 | sexta<\/p>\n<p>Sala Expositiva Jo\u00e3o Mendes Rosa | P\u00fablico em geral | Gratuita | 60M<\/p>\n<p>Org: CMG\/MG<\/p>\n","protected":false},"featured_media":0,"template":"","meta":{"_acf_changed":false},"categoria_evento":[64,71],"estacao_do_ano":[],"class_list":["post-20479","evento","type-evento","status-publish","hentry","categoria_evento-exposicoes","categoria_evento-visitguarda"],"acf":[],"yoast_head":"<!-- This site is optimized with the Yoast SEO plugin v25.1 - https:\/\/yoast.com\/wordpress\/plugins\/seo\/ -->\n<title>INAUGURA\u00c7\u00c3O DA EXPOSI\u00c7\u00c3O | Uma D\u00e9cada de SIAC: Cole\u00e7\u00e3o e Processo - VisitGuarda<\/title>\n<meta name=\"robots\" content=\"index, follow, max-snippet:-1, max-image-preview:large, max-video-preview:-1\" \/>\n<link rel=\"canonical\" href=\"https:\/\/www.visitguarda.pt\/evento\/inauguracao-da-exposicao-uma-decada-de-siac-colecao-e-processo\/\" \/>\n<meta property=\"og:locale\" content=\"es_ES\" \/>\n<meta property=\"og:type\" content=\"article\" \/>\n<meta property=\"og:title\" content=\"INAUGURA\u00c7\u00c3O DA EXPOSI\u00c7\u00c3O | Uma D\u00e9cada de SIAC: Cole\u00e7\u00e3o e Processo - VisitGuarda\" \/>\n<meta property=\"og:description\" content=\"A exposi\u00e7\u00e3o re\u00fane uma constela\u00e7\u00e3o de obras produzidas ao longo das oito edi\u00e7\u00f5es do Simp\u00f3sio Internacional de Arte Contempor\u00e2nea. Pintura, escultura, desenho, gravura, arte digital, fotografia e instala\u00e7\u00e3o comp\u00f5em um acervo diverso, mas ligado por uma mesma respira\u00e7\u00e3o: a da criatividade, da mem\u00f3ria e do gesto humano. 18h00 | sexta Sala Expositiva Jo\u00e3o Mendes Rosa [&hellip;]\" \/>\n<meta property=\"og:url\" content=\"https:\/\/www.visitguarda.pt\/evento\/inauguracao-da-exposicao-uma-decada-de-siac-colecao-e-processo\/\" \/>\n<meta property=\"og:site_name\" content=\"VisitGuarda\" \/>\n<meta property=\"article:publisher\" content=\"https:\/\/fb.com\/MunicipioDaGuarda\" \/>\n<meta property=\"article:modified_time\" content=\"2026-03-12T13:00:09+00:00\" \/>\n<meta name=\"twitter:card\" content=\"summary_large_image\" \/>\n<script type=\"application\/ld+json\" class=\"yoast-schema-graph\">{\"@context\":\"https:\/\/schema.org\",\"@graph\":[{\"@type\":\"WebPage\",\"@id\":\"https:\/\/www.visitguarda.pt\/evento\/inauguracao-da-exposicao-uma-decada-de-siac-colecao-e-processo\/\",\"url\":\"https:\/\/www.visitguarda.pt\/evento\/inauguracao-da-exposicao-uma-decada-de-siac-colecao-e-processo\/\",\"name\":\"INAUGURA\u00c7\u00c3O DA EXPOSI\u00c7\u00c3O | Uma D\u00e9cada de SIAC: Cole\u00e7\u00e3o e Processo - VisitGuarda\",\"isPartOf\":{\"@id\":\"https:\/\/www.visitguarda.pt\/#website\"},\"datePublished\":\"2026-01-09T11:07:20+00:00\",\"dateModified\":\"2026-03-12T13:00:09+00:00\",\"breadcrumb\":{\"@id\":\"https:\/\/www.visitguarda.pt\/evento\/inauguracao-da-exposicao-uma-decada-de-siac-colecao-e-processo\/#breadcrumb\"},\"inLanguage\":\"es\",\"potentialAction\":[{\"@type\":\"ReadAction\",\"target\":[\"https:\/\/www.visitguarda.pt\/evento\/inauguracao-da-exposicao-uma-decada-de-siac-colecao-e-processo\/\"]}]},{\"@type\":\"BreadcrumbList\",\"@id\":\"https:\/\/www.visitguarda.pt\/evento\/inauguracao-da-exposicao-uma-decada-de-siac-colecao-e-processo\/#breadcrumb\",\"itemListElement\":[{\"@type\":\"ListItem\",\"position\":1,\"name\":\"In\u00edcio\",\"item\":\"https:\/\/www.visitguarda.pt\/es\/\"},{\"@type\":\"ListItem\",\"position\":2,\"name\":\"INAUGURA\u00c7\u00c3O DA EXPOSI\u00c7\u00c3O | Uma D\u00e9cada de SIAC: Cole\u00e7\u00e3o e Processo\"}]},{\"@type\":\"WebSite\",\"@id\":\"https:\/\/www.visitguarda.pt\/#website\",\"url\":\"https:\/\/www.visitguarda.pt\/\",\"name\":\"VisitGuarda\",\"description\":\"\",\"publisher\":{\"@id\":\"https:\/\/www.visitguarda.pt\/#organization\"},\"potentialAction\":[{\"@type\":\"SearchAction\",\"target\":{\"@type\":\"EntryPoint\",\"urlTemplate\":\"https:\/\/www.visitguarda.pt\/?s={search_term_string}\"},\"query-input\":{\"@type\":\"PropertyValueSpecification\",\"valueRequired\":true,\"valueName\":\"search_term_string\"}}],\"inLanguage\":\"es\"},{\"@type\":\"Organization\",\"@id\":\"https:\/\/www.visitguarda.pt\/#organization\",\"name\":\"Munic\u00edpio da Guarda\",\"url\":\"https:\/\/www.visitguarda.pt\/\",\"logo\":{\"@type\":\"ImageObject\",\"inLanguage\":\"es\",\"@id\":\"https:\/\/www.visitguarda.pt\/#\/schema\/logo\/image\/\",\"url\":\"https:\/\/www.visitguarda.pt\/wp-content\/uploads\/2025\/01\/logo_mun_guarda.jpg\",\"contentUrl\":\"https:\/\/www.visitguarda.pt\/wp-content\/uploads\/2025\/01\/logo_mun_guarda.jpg\",\"width\":1181,\"height\":1181,\"caption\":\"Munic\u00edpio da Guarda\"},\"image\":{\"@id\":\"https:\/\/www.visitguarda.pt\/#\/schema\/logo\/image\/\"},\"sameAs\":[\"https:\/\/fb.com\/MunicipioDaGuarda\",\"https:\/\/www.instagram.com\/municipiodaguarda\"]}]}<\/script>\n<!-- \/ Yoast SEO plugin. -->","yoast_head_json":{"title":"INAUGURA\u00c7\u00c3O DA EXPOSI\u00c7\u00c3O | Uma D\u00e9cada de SIAC: Cole\u00e7\u00e3o e Processo - VisitGuarda","robots":{"index":"index","follow":"follow","max-snippet":"max-snippet:-1","max-image-preview":"max-image-preview:large","max-video-preview":"max-video-preview:-1"},"canonical":"https:\/\/www.visitguarda.pt\/evento\/inauguracao-da-exposicao-uma-decada-de-siac-colecao-e-processo\/","og_locale":"es_ES","og_type":"article","og_title":"INAUGURA\u00c7\u00c3O DA EXPOSI\u00c7\u00c3O | Uma D\u00e9cada de SIAC: Cole\u00e7\u00e3o e Processo - VisitGuarda","og_description":"A exposi\u00e7\u00e3o re\u00fane uma constela\u00e7\u00e3o de obras produzidas ao longo das oito edi\u00e7\u00f5es do Simp\u00f3sio Internacional de Arte Contempor\u00e2nea. Pintura, escultura, desenho, gravura, arte digital, fotografia e instala\u00e7\u00e3o comp\u00f5em um acervo diverso, mas ligado por uma mesma respira\u00e7\u00e3o: a da criatividade, da mem\u00f3ria e do gesto humano. 18h00 | sexta Sala Expositiva Jo\u00e3o Mendes Rosa [&hellip;]","og_url":"https:\/\/www.visitguarda.pt\/evento\/inauguracao-da-exposicao-uma-decada-de-siac-colecao-e-processo\/","og_site_name":"VisitGuarda","article_publisher":"https:\/\/fb.com\/MunicipioDaGuarda","article_modified_time":"2026-03-12T13:00:09+00:00","twitter_card":"summary_large_image","schema":{"@context":"https:\/\/schema.org","@graph":[{"@type":"WebPage","@id":"https:\/\/www.visitguarda.pt\/evento\/inauguracao-da-exposicao-uma-decada-de-siac-colecao-e-processo\/","url":"https:\/\/www.visitguarda.pt\/evento\/inauguracao-da-exposicao-uma-decada-de-siac-colecao-e-processo\/","name":"INAUGURA\u00c7\u00c3O DA EXPOSI\u00c7\u00c3O | Uma D\u00e9cada de SIAC: Cole\u00e7\u00e3o e Processo - VisitGuarda","isPartOf":{"@id":"https:\/\/www.visitguarda.pt\/#website"},"datePublished":"2026-01-09T11:07:20+00:00","dateModified":"2026-03-12T13:00:09+00:00","breadcrumb":{"@id":"https:\/\/www.visitguarda.pt\/evento\/inauguracao-da-exposicao-uma-decada-de-siac-colecao-e-processo\/#breadcrumb"},"inLanguage":"es","potentialAction":[{"@type":"ReadAction","target":["https:\/\/www.visitguarda.pt\/evento\/inauguracao-da-exposicao-uma-decada-de-siac-colecao-e-processo\/"]}]},{"@type":"BreadcrumbList","@id":"https:\/\/www.visitguarda.pt\/evento\/inauguracao-da-exposicao-uma-decada-de-siac-colecao-e-processo\/#breadcrumb","itemListElement":[{"@type":"ListItem","position":1,"name":"In\u00edcio","item":"https:\/\/www.visitguarda.pt\/es\/"},{"@type":"ListItem","position":2,"name":"INAUGURA\u00c7\u00c3O DA EXPOSI\u00c7\u00c3O | Uma D\u00e9cada de SIAC: Cole\u00e7\u00e3o e Processo"}]},{"@type":"WebSite","@id":"https:\/\/www.visitguarda.pt\/#website","url":"https:\/\/www.visitguarda.pt\/","name":"VisitGuarda","description":"","publisher":{"@id":"https:\/\/www.visitguarda.pt\/#organization"},"potentialAction":[{"@type":"SearchAction","target":{"@type":"EntryPoint","urlTemplate":"https:\/\/www.visitguarda.pt\/?s={search_term_string}"},"query-input":{"@type":"PropertyValueSpecification","valueRequired":true,"valueName":"search_term_string"}}],"inLanguage":"es"},{"@type":"Organization","@id":"https:\/\/www.visitguarda.pt\/#organization","name":"Munic\u00edpio da Guarda","url":"https:\/\/www.visitguarda.pt\/","logo":{"@type":"ImageObject","inLanguage":"es","@id":"https:\/\/www.visitguarda.pt\/#\/schema\/logo\/image\/","url":"https:\/\/www.visitguarda.pt\/wp-content\/uploads\/2025\/01\/logo_mun_guarda.jpg","contentUrl":"https:\/\/www.visitguarda.pt\/wp-content\/uploads\/2025\/01\/logo_mun_guarda.jpg","width":1181,"height":1181,"caption":"Munic\u00edpio da Guarda"},"image":{"@id":"https:\/\/www.visitguarda.pt\/#\/schema\/logo\/image\/"},"sameAs":["https:\/\/fb.com\/MunicipioDaGuarda","https:\/\/www.instagram.com\/municipiodaguarda"]}]}},"_links":{"self":[{"href":"https:\/\/www.visitguarda.pt\/es\/wp-json\/wp\/v2\/evento\/20479","targetHints":{"allow":["GET"]}}],"collection":[{"href":"https:\/\/www.visitguarda.pt\/es\/wp-json\/wp\/v2\/evento"}],"about":[{"href":"https:\/\/www.visitguarda.pt\/es\/wp-json\/wp\/v2\/types\/evento"}],"wp:attachment":[{"href":"https:\/\/www.visitguarda.pt\/es\/wp-json\/wp\/v2\/media?parent=20479"}],"wp:term":[{"taxonomy":"categoria_evento","embeddable":true,"href":"https:\/\/www.visitguarda.pt\/es\/wp-json\/wp\/v2\/categoria_evento?post=20479"},{"taxonomy":"estacao_do_ano","embeddable":true,"href":"https:\/\/www.visitguarda.pt\/es\/wp-json\/wp\/v2\/estacao_do_ano?post=20479"}],"curies":[{"name":"wp","href":"https:\/\/api.w.org\/{rel}","templated":true}]}}