{"id":10386,"date":"2024-05-28T16:58:51","date_gmt":"2024-05-28T16:58:51","guid":{"rendered":"https:\/\/visitguarda.dev.loba.com\/ponto_de_interesse\/pensao-alianca\/"},"modified":"2026-03-12T13:04:12","modified_gmt":"2026-03-12T13:04:12","slug":"pensao-alianca","status":"publish","type":"ponto_de_interesse","link":"https:\/\/www.visitguarda.pt\/es\/ponto_de_interesse\/pensao-alianca\/","title":{"rendered":"Pensi\u00f3n Alian\u00e7a"},"content":{"rendered":"<p>Las habitaciones disponen de aire acondicionado, ba\u00f1o privado, TV por cable, escritorio, conexi\u00f3n Wi-Fi gratuita, armario y balc\u00f3n.&nbsp;Por un coste adicional, los hu\u00e9spedes tambi\u00e9n pueden beneficiar de los servicios de lavander\u00eda y limpieza en seco.&nbsp;El Alian\u00e7a Alojamento Local dispone de un restaurante donde los hu\u00e9spedes pueden disfrutar de delicias locales. Todas las ma\u00f1anas se sirve un desayuno continental que est\u00e1 incluido en la tarifa. Para comidas m\u00e1s ligeras tambi\u00e9n hay disponible un snack bar.&nbsp;Hay varios restaurantes locales a 200 metros del Alian\u00e7a.<\/p>\n","protected":false},"featured_media":0,"template":"","meta":{"_acf_changed":false},"categoria_ponto_interesse":[335],"duracao":[],"estacao_do_ano":[],"grupo_de_viagem":[],"tipo_de_experiencia":[],"class_list":["post-10386","ponto_de_interesse","type-ponto_de_interesse","status-publish","hentry","categoria_ponto_interesse-alojamiento-local"],"acf":[],"yoast_head":"<!-- This site is optimized with the Yoast SEO plugin v25.1 - https:\/\/yoast.com\/wordpress\/plugins\/seo\/ -->\n<title>Pensi\u00f3n Alian\u00e7a - VisitGuarda<\/title>\n<meta name=\"robots\" content=\"index, follow, max-snippet:-1, max-image-preview:large, max-video-preview:-1\" \/>\n<link rel=\"canonical\" href=\"https:\/\/www.visitguarda.pt\/ponto_de_interesse\/pensao-alianca\/\" \/>\n<meta property=\"og:locale\" content=\"es_ES\" \/>\n<meta property=\"og:type\" content=\"article\" \/>\n<meta property=\"og:title\" content=\"Pensi\u00f3n Alian\u00e7a - VisitGuarda\" \/>\n<meta property=\"og:description\" content=\"Las habitaciones disponen de aire acondicionado, ba\u00f1o privado, TV por cable, escritorio, conexi\u00f3n Wi-Fi gratuita, armario y balc\u00f3n.&nbsp;Por un coste adicional, los hu\u00e9spedes tambi\u00e9n pueden beneficiar de los servicios de lavander\u00eda y limpieza en seco.&nbsp;El Alian\u00e7a Alojamento Local dispone de un restaurante donde los hu\u00e9spedes pueden disfrutar de delicias locales. Todas las ma\u00f1anas se sirve [&hellip;]\" \/>\n<meta property=\"og:url\" content=\"https:\/\/www.visitguarda.pt\/ponto_de_interesse\/pensao-alianca\/\" \/>\n<meta property=\"og:site_name\" content=\"VisitGuarda\" \/>\n<meta property=\"article:publisher\" content=\"https:\/\/fb.com\/MunicipioDaGuarda\" \/>\n<meta property=\"article:modified_time\" content=\"2026-03-12T13:04:12+00:00\" \/>\n<meta name=\"twitter:card\" content=\"summary_large_image\" \/>\n<script type=\"application\/ld+json\" class=\"yoast-schema-graph\">{\"@context\":\"https:\/\/schema.org\",\"@graph\":[{\"@type\":\"WebPage\",\"@id\":\"https:\/\/www.visitguarda.pt\/ponto_de_interesse\/pensao-alianca\/\",\"url\":\"https:\/\/www.visitguarda.pt\/ponto_de_interesse\/pensao-alianca\/\",\"name\":\"Pensi\u00f3n Alian\u00e7a - VisitGuarda\",\"isPartOf\":{\"@id\":\"https:\/\/www.visitguarda.pt\/#website\"},\"datePublished\":\"2024-05-28T16:58:51+00:00\",\"dateModified\":\"2026-03-12T13:04:12+00:00\",\"breadcrumb\":{\"@id\":\"https:\/\/www.visitguarda.pt\/ponto_de_interesse\/pensao-alianca\/#breadcrumb\"},\"inLanguage\":\"es\",\"potentialAction\":[{\"@type\":\"ReadAction\",\"target\":[\"https:\/\/www.visitguarda.pt\/ponto_de_interesse\/pensao-alianca\/\"]}]},{\"@type\":\"BreadcrumbList\",\"@id\":\"https:\/\/www.visitguarda.pt\/ponto_de_interesse\/pensao-alianca\/#breadcrumb\",\"itemListElement\":[{\"@type\":\"ListItem\",\"position\":1,\"name\":\"In\u00edcio\",\"item\":\"https:\/\/www.visitguarda.pt\/es\/\"},{\"@type\":\"ListItem\",\"position\":2,\"name\":\"Pensi\u00f3n Alian\u00e7a\"}]},{\"@type\":\"WebSite\",\"@id\":\"https:\/\/www.visitguarda.pt\/#website\",\"url\":\"https:\/\/www.visitguarda.pt\/\",\"name\":\"VisitGuarda\",\"description\":\"\",\"publisher\":{\"@id\":\"https:\/\/www.visitguarda.pt\/#organization\"},\"potentialAction\":[{\"@type\":\"SearchAction\",\"target\":{\"@type\":\"EntryPoint\",\"urlTemplate\":\"https:\/\/www.visitguarda.pt\/?s={search_term_string}\"},\"query-input\":{\"@type\":\"PropertyValueSpecification\",\"valueRequired\":true,\"valueName\":\"search_term_string\"}}],\"inLanguage\":\"es\"},{\"@type\":\"Organization\",\"@id\":\"https:\/\/www.visitguarda.pt\/#organization\",\"name\":\"Munic\u00edpio da Guarda\",\"url\":\"https:\/\/www.visitguarda.pt\/\",\"logo\":{\"@type\":\"ImageObject\",\"inLanguage\":\"es\",\"@id\":\"https:\/\/www.visitguarda.pt\/#\/schema\/logo\/image\/\",\"url\":\"https:\/\/www.visitguarda.pt\/wp-content\/uploads\/2025\/01\/logo_mun_guarda.jpg\",\"contentUrl\":\"https:\/\/www.visitguarda.pt\/wp-content\/uploads\/2025\/01\/logo_mun_guarda.jpg\",\"width\":1181,\"height\":1181,\"caption\":\"Munic\u00edpio da Guarda\"},\"image\":{\"@id\":\"https:\/\/www.visitguarda.pt\/#\/schema\/logo\/image\/\"},\"sameAs\":[\"https:\/\/fb.com\/MunicipioDaGuarda\",\"https:\/\/www.instagram.com\/municipiodaguarda\"]}]}<\/script>\n<!-- \/ Yoast SEO plugin. -->","yoast_head_json":{"title":"Pensi\u00f3n Alian\u00e7a - VisitGuarda","robots":{"index":"index","follow":"follow","max-snippet":"max-snippet:-1","max-image-preview":"max-image-preview:large","max-video-preview":"max-video-preview:-1"},"canonical":"https:\/\/www.visitguarda.pt\/ponto_de_interesse\/pensao-alianca\/","og_locale":"es_ES","og_type":"article","og_title":"Pensi\u00f3n Alian\u00e7a - VisitGuarda","og_description":"Las habitaciones disponen de aire acondicionado, ba\u00f1o privado, TV por cable, escritorio, conexi\u00f3n Wi-Fi gratuita, armario y balc\u00f3n.&nbsp;Por un coste adicional, los hu\u00e9spedes tambi\u00e9n pueden beneficiar de los servicios de lavander\u00eda y limpieza en seco.&nbsp;El Alian\u00e7a Alojamento Local dispone de un restaurante donde los hu\u00e9spedes pueden disfrutar de delicias locales. Todas las ma\u00f1anas se sirve [&hellip;]","og_url":"https:\/\/www.visitguarda.pt\/ponto_de_interesse\/pensao-alianca\/","og_site_name":"VisitGuarda","article_publisher":"https:\/\/fb.com\/MunicipioDaGuarda","article_modified_time":"2026-03-12T13:04:12+00:00","twitter_card":"summary_large_image","schema":{"@context":"https:\/\/schema.org","@graph":[{"@type":"WebPage","@id":"https:\/\/www.visitguarda.pt\/ponto_de_interesse\/pensao-alianca\/","url":"https:\/\/www.visitguarda.pt\/ponto_de_interesse\/pensao-alianca\/","name":"Pensi\u00f3n Alian\u00e7a - VisitGuarda","isPartOf":{"@id":"https:\/\/www.visitguarda.pt\/#website"},"datePublished":"2024-05-28T16:58:51+00:00","dateModified":"2026-03-12T13:04:12+00:00","breadcrumb":{"@id":"https:\/\/www.visitguarda.pt\/ponto_de_interesse\/pensao-alianca\/#breadcrumb"},"inLanguage":"es","potentialAction":[{"@type":"ReadAction","target":["https:\/\/www.visitguarda.pt\/ponto_de_interesse\/pensao-alianca\/"]}]},{"@type":"BreadcrumbList","@id":"https:\/\/www.visitguarda.pt\/ponto_de_interesse\/pensao-alianca\/#breadcrumb","itemListElement":[{"@type":"ListItem","position":1,"name":"In\u00edcio","item":"https:\/\/www.visitguarda.pt\/es\/"},{"@type":"ListItem","position":2,"name":"Pensi\u00f3n Alian\u00e7a"}]},{"@type":"WebSite","@id":"https:\/\/www.visitguarda.pt\/#website","url":"https:\/\/www.visitguarda.pt\/","name":"VisitGuarda","description":"","publisher":{"@id":"https:\/\/www.visitguarda.pt\/#organization"},"potentialAction":[{"@type":"SearchAction","target":{"@type":"EntryPoint","urlTemplate":"https:\/\/www.visitguarda.pt\/?s={search_term_string}"},"query-input":{"@type":"PropertyValueSpecification","valueRequired":true,"valueName":"search_term_string"}}],"inLanguage":"es"},{"@type":"Organization","@id":"https:\/\/www.visitguarda.pt\/#organization","name":"Munic\u00edpio da Guarda","url":"https:\/\/www.visitguarda.pt\/","logo":{"@type":"ImageObject","inLanguage":"es","@id":"https:\/\/www.visitguarda.pt\/#\/schema\/logo\/image\/","url":"https:\/\/www.visitguarda.pt\/wp-content\/uploads\/2025\/01\/logo_mun_guarda.jpg","contentUrl":"https:\/\/www.visitguarda.pt\/wp-content\/uploads\/2025\/01\/logo_mun_guarda.jpg","width":1181,"height":1181,"caption":"Munic\u00edpio da Guarda"},"image":{"@id":"https:\/\/www.visitguarda.pt\/#\/schema\/logo\/image\/"},"sameAs":["https:\/\/fb.com\/MunicipioDaGuarda","https:\/\/www.instagram.com\/municipiodaguarda"]}]}},"_links":{"self":[{"href":"https:\/\/www.visitguarda.pt\/es\/wp-json\/wp\/v2\/ponto_de_interesse\/10386","targetHints":{"allow":["GET"]}}],"collection":[{"href":"https:\/\/www.visitguarda.pt\/es\/wp-json\/wp\/v2\/ponto_de_interesse"}],"about":[{"href":"https:\/\/www.visitguarda.pt\/es\/wp-json\/wp\/v2\/types\/ponto_de_interesse"}],"wp:attachment":[{"href":"https:\/\/www.visitguarda.pt\/es\/wp-json\/wp\/v2\/media?parent=10386"}],"wp:term":[{"taxonomy":"categoria_ponto_interesse","embeddable":true,"href":"https:\/\/www.visitguarda.pt\/es\/wp-json\/wp\/v2\/categoria_ponto_interesse?post=10386"},{"taxonomy":"duracao","embeddable":true,"href":"https:\/\/www.visitguarda.pt\/es\/wp-json\/wp\/v2\/duracao?post=10386"},{"taxonomy":"estacao_do_ano","embeddable":true,"href":"https:\/\/www.visitguarda.pt\/es\/wp-json\/wp\/v2\/estacao_do_ano?post=10386"},{"taxonomy":"grupo_de_viagem","embeddable":true,"href":"https:\/\/www.visitguarda.pt\/es\/wp-json\/wp\/v2\/grupo_de_viagem?post=10386"},{"taxonomy":"tipo_de_experiencia","embeddable":true,"href":"https:\/\/www.visitguarda.pt\/es\/wp-json\/wp\/v2\/tipo_de_experiencia?post=10386"}],"curies":[{"name":"wp","href":"https:\/\/api.w.org\/{rel}","templated":true}]}}