{"id":19983,"date":"2025-03-20T17:09:37","date_gmt":"2025-03-20T17:09:37","guid":{"rendered":"https:\/\/www.visitguarda.pt\/ponto_de_interesse\/refugio-do-canas-marmeleiro\/"},"modified":"2026-03-12T13:15:22","modified_gmt":"2026-03-12T13:15:22","slug":"refugio-do-canas-marmeleiro","status":"publish","type":"ponto_de_interesse","link":"https:\/\/www.visitguarda.pt\/es\/ponto_de_interesse\/refugio-do-canas-marmeleiro\/","title":{"rendered":"Ref\u00fagio do Canas"},"content":{"rendered":"<p>Esta ubicaci\u00f3n estrat\u00e9gica le permite beneficiarse de lo mejor que estos dos municipios tienen para ofrecer. Si desea visitar la red de Castillos de Raia, disfrutar de las aguas cristalinas de las playas del r\u00edo C\u00f4a, visitar las ciudades medievales que son cabeceras de comarca o adentrarse en las m\u00e1s que numerosas rutas de senderismo, O Ref\u00fagio do Canas es un lugar muy conveniente para alquilar y pasar unos d\u00edas.<\/p>\n","protected":false},"featured_media":0,"template":"","meta":{"_acf_changed":false},"categoria_ponto_interesse":[335],"duracao":[],"estacao_do_ano":[],"grupo_de_viagem":[],"tipo_de_experiencia":[],"class_list":["post-19983","ponto_de_interesse","type-ponto_de_interesse","status-publish","hentry","categoria_ponto_interesse-alojamiento-local"],"acf":[],"yoast_head":"<!-- This site is optimized with the Yoast SEO plugin v25.1 - https:\/\/yoast.com\/wordpress\/plugins\/seo\/ -->\n<title>Ref\u00fagio do Canas - VisitGuarda<\/title>\n<meta name=\"robots\" content=\"index, follow, max-snippet:-1, max-image-preview:large, max-video-preview:-1\" \/>\n<link rel=\"canonical\" href=\"https:\/\/www.visitguarda.pt\/ponto_de_interesse\/refugio-do-canas-marmeleiro\/\" \/>\n<meta property=\"og:locale\" content=\"es_ES\" \/>\n<meta property=\"og:type\" content=\"article\" \/>\n<meta property=\"og:title\" content=\"Ref\u00fagio do Canas - VisitGuarda\" \/>\n<meta property=\"og:description\" content=\"Esta ubicaci\u00f3n estrat\u00e9gica le permite beneficiarse de lo mejor que estos dos municipios tienen para ofrecer. Si desea visitar la red de Castillos de Raia, disfrutar de las aguas cristalinas de las playas del r\u00edo C\u00f4a, visitar las ciudades medievales que son cabeceras de comarca o adentrarse en las m\u00e1s que numerosas rutas de senderismo, [&hellip;]\" \/>\n<meta property=\"og:url\" content=\"https:\/\/www.visitguarda.pt\/ponto_de_interesse\/refugio-do-canas-marmeleiro\/\" \/>\n<meta property=\"og:site_name\" content=\"VisitGuarda\" \/>\n<meta property=\"article:publisher\" content=\"https:\/\/fb.com\/MunicipioDaGuarda\" \/>\n<meta property=\"article:modified_time\" content=\"2026-03-12T13:15:22+00:00\" \/>\n<meta name=\"twitter:card\" content=\"summary_large_image\" \/>\n<script type=\"application\/ld+json\" class=\"yoast-schema-graph\">{\"@context\":\"https:\/\/schema.org\",\"@graph\":[{\"@type\":\"WebPage\",\"@id\":\"https:\/\/www.visitguarda.pt\/ponto_de_interesse\/refugio-do-canas-marmeleiro\/\",\"url\":\"https:\/\/www.visitguarda.pt\/ponto_de_interesse\/refugio-do-canas-marmeleiro\/\",\"name\":\"Ref\u00fagio do Canas - VisitGuarda\",\"isPartOf\":{\"@id\":\"https:\/\/www.visitguarda.pt\/#website\"},\"datePublished\":\"2025-03-20T17:09:37+00:00\",\"dateModified\":\"2026-03-12T13:15:22+00:00\",\"breadcrumb\":{\"@id\":\"https:\/\/www.visitguarda.pt\/ponto_de_interesse\/refugio-do-canas-marmeleiro\/#breadcrumb\"},\"inLanguage\":\"es\",\"potentialAction\":[{\"@type\":\"ReadAction\",\"target\":[\"https:\/\/www.visitguarda.pt\/ponto_de_interesse\/refugio-do-canas-marmeleiro\/\"]}]},{\"@type\":\"BreadcrumbList\",\"@id\":\"https:\/\/www.visitguarda.pt\/ponto_de_interesse\/refugio-do-canas-marmeleiro\/#breadcrumb\",\"itemListElement\":[{\"@type\":\"ListItem\",\"position\":1,\"name\":\"In\u00edcio\",\"item\":\"https:\/\/www.visitguarda.pt\/es\/\"},{\"@type\":\"ListItem\",\"position\":2,\"name\":\"Ref\u00fagio do Canas\"}]},{\"@type\":\"WebSite\",\"@id\":\"https:\/\/www.visitguarda.pt\/#website\",\"url\":\"https:\/\/www.visitguarda.pt\/\",\"name\":\"VisitGuarda\",\"description\":\"\",\"publisher\":{\"@id\":\"https:\/\/www.visitguarda.pt\/#organization\"},\"potentialAction\":[{\"@type\":\"SearchAction\",\"target\":{\"@type\":\"EntryPoint\",\"urlTemplate\":\"https:\/\/www.visitguarda.pt\/?s={search_term_string}\"},\"query-input\":{\"@type\":\"PropertyValueSpecification\",\"valueRequired\":true,\"valueName\":\"search_term_string\"}}],\"inLanguage\":\"es\"},{\"@type\":\"Organization\",\"@id\":\"https:\/\/www.visitguarda.pt\/#organization\",\"name\":\"Munic\u00edpio da Guarda\",\"url\":\"https:\/\/www.visitguarda.pt\/\",\"logo\":{\"@type\":\"ImageObject\",\"inLanguage\":\"es\",\"@id\":\"https:\/\/www.visitguarda.pt\/#\/schema\/logo\/image\/\",\"url\":\"https:\/\/www.visitguarda.pt\/wp-content\/uploads\/2025\/01\/logo_mun_guarda.jpg\",\"contentUrl\":\"https:\/\/www.visitguarda.pt\/wp-content\/uploads\/2025\/01\/logo_mun_guarda.jpg\",\"width\":1181,\"height\":1181,\"caption\":\"Munic\u00edpio da Guarda\"},\"image\":{\"@id\":\"https:\/\/www.visitguarda.pt\/#\/schema\/logo\/image\/\"},\"sameAs\":[\"https:\/\/fb.com\/MunicipioDaGuarda\",\"https:\/\/www.instagram.com\/municipiodaguarda\"]}]}<\/script>\n<!-- \/ Yoast SEO plugin. -->","yoast_head_json":{"title":"Ref\u00fagio do Canas - VisitGuarda","robots":{"index":"index","follow":"follow","max-snippet":"max-snippet:-1","max-image-preview":"max-image-preview:large","max-video-preview":"max-video-preview:-1"},"canonical":"https:\/\/www.visitguarda.pt\/ponto_de_interesse\/refugio-do-canas-marmeleiro\/","og_locale":"es_ES","og_type":"article","og_title":"Ref\u00fagio do Canas - VisitGuarda","og_description":"Esta ubicaci\u00f3n estrat\u00e9gica le permite beneficiarse de lo mejor que estos dos municipios tienen para ofrecer. Si desea visitar la red de Castillos de Raia, disfrutar de las aguas cristalinas de las playas del r\u00edo C\u00f4a, visitar las ciudades medievales que son cabeceras de comarca o adentrarse en las m\u00e1s que numerosas rutas de senderismo, [&hellip;]","og_url":"https:\/\/www.visitguarda.pt\/ponto_de_interesse\/refugio-do-canas-marmeleiro\/","og_site_name":"VisitGuarda","article_publisher":"https:\/\/fb.com\/MunicipioDaGuarda","article_modified_time":"2026-03-12T13:15:22+00:00","twitter_card":"summary_large_image","schema":{"@context":"https:\/\/schema.org","@graph":[{"@type":"WebPage","@id":"https:\/\/www.visitguarda.pt\/ponto_de_interesse\/refugio-do-canas-marmeleiro\/","url":"https:\/\/www.visitguarda.pt\/ponto_de_interesse\/refugio-do-canas-marmeleiro\/","name":"Ref\u00fagio do Canas - VisitGuarda","isPartOf":{"@id":"https:\/\/www.visitguarda.pt\/#website"},"datePublished":"2025-03-20T17:09:37+00:00","dateModified":"2026-03-12T13:15:22+00:00","breadcrumb":{"@id":"https:\/\/www.visitguarda.pt\/ponto_de_interesse\/refugio-do-canas-marmeleiro\/#breadcrumb"},"inLanguage":"es","potentialAction":[{"@type":"ReadAction","target":["https:\/\/www.visitguarda.pt\/ponto_de_interesse\/refugio-do-canas-marmeleiro\/"]}]},{"@type":"BreadcrumbList","@id":"https:\/\/www.visitguarda.pt\/ponto_de_interesse\/refugio-do-canas-marmeleiro\/#breadcrumb","itemListElement":[{"@type":"ListItem","position":1,"name":"In\u00edcio","item":"https:\/\/www.visitguarda.pt\/es\/"},{"@type":"ListItem","position":2,"name":"Ref\u00fagio do Canas"}]},{"@type":"WebSite","@id":"https:\/\/www.visitguarda.pt\/#website","url":"https:\/\/www.visitguarda.pt\/","name":"VisitGuarda","description":"","publisher":{"@id":"https:\/\/www.visitguarda.pt\/#organization"},"potentialAction":[{"@type":"SearchAction","target":{"@type":"EntryPoint","urlTemplate":"https:\/\/www.visitguarda.pt\/?s={search_term_string}"},"query-input":{"@type":"PropertyValueSpecification","valueRequired":true,"valueName":"search_term_string"}}],"inLanguage":"es"},{"@type":"Organization","@id":"https:\/\/www.visitguarda.pt\/#organization","name":"Munic\u00edpio da Guarda","url":"https:\/\/www.visitguarda.pt\/","logo":{"@type":"ImageObject","inLanguage":"es","@id":"https:\/\/www.visitguarda.pt\/#\/schema\/logo\/image\/","url":"https:\/\/www.visitguarda.pt\/wp-content\/uploads\/2025\/01\/logo_mun_guarda.jpg","contentUrl":"https:\/\/www.visitguarda.pt\/wp-content\/uploads\/2025\/01\/logo_mun_guarda.jpg","width":1181,"height":1181,"caption":"Munic\u00edpio da Guarda"},"image":{"@id":"https:\/\/www.visitguarda.pt\/#\/schema\/logo\/image\/"},"sameAs":["https:\/\/fb.com\/MunicipioDaGuarda","https:\/\/www.instagram.com\/municipiodaguarda"]}]}},"_links":{"self":[{"href":"https:\/\/www.visitguarda.pt\/es\/wp-json\/wp\/v2\/ponto_de_interesse\/19983","targetHints":{"allow":["GET"]}}],"collection":[{"href":"https:\/\/www.visitguarda.pt\/es\/wp-json\/wp\/v2\/ponto_de_interesse"}],"about":[{"href":"https:\/\/www.visitguarda.pt\/es\/wp-json\/wp\/v2\/types\/ponto_de_interesse"}],"wp:attachment":[{"href":"https:\/\/www.visitguarda.pt\/es\/wp-json\/wp\/v2\/media?parent=19983"}],"wp:term":[{"taxonomy":"categoria_ponto_interesse","embeddable":true,"href":"https:\/\/www.visitguarda.pt\/es\/wp-json\/wp\/v2\/categoria_ponto_interesse?post=19983"},{"taxonomy":"duracao","embeddable":true,"href":"https:\/\/www.visitguarda.pt\/es\/wp-json\/wp\/v2\/duracao?post=19983"},{"taxonomy":"estacao_do_ano","embeddable":true,"href":"https:\/\/www.visitguarda.pt\/es\/wp-json\/wp\/v2\/estacao_do_ano?post=19983"},{"taxonomy":"grupo_de_viagem","embeddable":true,"href":"https:\/\/www.visitguarda.pt\/es\/wp-json\/wp\/v2\/grupo_de_viagem?post=19983"},{"taxonomy":"tipo_de_experiencia","embeddable":true,"href":"https:\/\/www.visitguarda.pt\/es\/wp-json\/wp\/v2\/tipo_de_experiencia?post=19983"}],"curies":[{"name":"wp","href":"https:\/\/api.w.org\/{rel}","templated":true}]}}