{"id":20187,"date":"2025-04-08T14:08:31","date_gmt":"2025-04-08T14:08:31","guid":{"rendered":"https:\/\/www.visitguarda.pt\/ponto_de_interesse\/xxx\/"},"modified":"2026-03-12T13:15:27","modified_gmt":"2026-03-12T13:15:27","slug":"xxx","status":"publish","type":"ponto_de_interesse","link":"https:\/\/www.visitguarda.pt\/es\/ponto_de_interesse\/xxx\/","title":{"rendered":"Monumento a Augusto Gil"},"content":{"rendered":"<p>La ubicaci\u00f3n caus\u00f3 pol\u00e9mica y el monumento fue desmontado y trasladado al Largo de S. Jo\u00e3o. Se termin\u00f3 en 1940, pero nunca se inaugur\u00f3. En su momento, fue la obra de arte p\u00fablico m\u00e1s bella de la ciudad, con la particularidad de no honrar a una figura del mundo de la medicina.El monumento erigido fue dise\u00f1ado por Jo\u00e3o da Silva (1880-1960), amigo del poeta y de su familia, exponente de la escultura simbolista y gran innovador de la medalla acu\u00f1ada en Portugal. Encima del pedestal se alza una escultura de bronce que representa a la Musa Polimnia; tiene la mano izquierda levantada, sosteniendo flores como si las lanzara, y la derecha sujeta una c\u00edtara. En la parte frontal hay un medall\u00f3n de bronce en medio relieve que representa el busto de Augusto Gil.<\/p>\n","protected":false},"featured_media":0,"template":"","meta":{"_acf_changed":false},"categoria_ponto_interesse":[221],"duracao":[],"estacao_do_ano":[],"grupo_de_viagem":[],"tipo_de_experiencia":[],"class_list":["post-20187","ponto_de_interesse","type-ponto_de_interesse","status-publish","hentry","categoria_ponto_interesse-monumentos-patrimonio-es-2"],"acf":[],"yoast_head":"<!-- This site is optimized with the Yoast SEO plugin v25.1 - https:\/\/yoast.com\/wordpress\/plugins\/seo\/ -->\n<title>Monumento a Augusto Gil - VisitGuarda<\/title>\n<meta name=\"robots\" content=\"index, follow, max-snippet:-1, max-image-preview:large, max-video-preview:-1\" \/>\n<link rel=\"canonical\" href=\"https:\/\/www.visitguarda.pt\/ponto_de_interesse\/xxx\/\" \/>\n<meta property=\"og:locale\" content=\"es_ES\" \/>\n<meta property=\"og:type\" content=\"article\" \/>\n<meta property=\"og:title\" content=\"Monumento a Augusto Gil - VisitGuarda\" \/>\n<meta property=\"og:description\" content=\"La ubicaci\u00f3n caus\u00f3 pol\u00e9mica y el monumento fue desmontado y trasladado al Largo de S. Jo\u00e3o. Se termin\u00f3 en 1940, pero nunca se inaugur\u00f3. En su momento, fue la obra de arte p\u00fablico m\u00e1s bella de la ciudad, con la particularidad de no honrar a una figura del mundo de la medicina.El monumento erigido fue [&hellip;]\" \/>\n<meta property=\"og:url\" content=\"https:\/\/www.visitguarda.pt\/ponto_de_interesse\/xxx\/\" \/>\n<meta property=\"og:site_name\" content=\"VisitGuarda\" \/>\n<meta property=\"article:publisher\" content=\"https:\/\/fb.com\/MunicipioDaGuarda\" \/>\n<meta property=\"article:modified_time\" content=\"2026-03-12T13:15:27+00:00\" \/>\n<meta name=\"twitter:card\" content=\"summary_large_image\" \/>\n<meta name=\"twitter:label1\" content=\"Tiempo de lectura\" \/>\n\t<meta name=\"twitter:data1\" content=\"1 minuto\" \/>\n<script type=\"application\/ld+json\" class=\"yoast-schema-graph\">{\"@context\":\"https:\/\/schema.org\",\"@graph\":[{\"@type\":\"WebPage\",\"@id\":\"https:\/\/www.visitguarda.pt\/ponto_de_interesse\/xxx\/\",\"url\":\"https:\/\/www.visitguarda.pt\/ponto_de_interesse\/xxx\/\",\"name\":\"Monumento a Augusto Gil - VisitGuarda\",\"isPartOf\":{\"@id\":\"https:\/\/www.visitguarda.pt\/#website\"},\"datePublished\":\"2025-04-08T14:08:31+00:00\",\"dateModified\":\"2026-03-12T13:15:27+00:00\",\"breadcrumb\":{\"@id\":\"https:\/\/www.visitguarda.pt\/ponto_de_interesse\/xxx\/#breadcrumb\"},\"inLanguage\":\"es\",\"potentialAction\":[{\"@type\":\"ReadAction\",\"target\":[\"https:\/\/www.visitguarda.pt\/ponto_de_interesse\/xxx\/\"]}]},{\"@type\":\"BreadcrumbList\",\"@id\":\"https:\/\/www.visitguarda.pt\/ponto_de_interesse\/xxx\/#breadcrumb\",\"itemListElement\":[{\"@type\":\"ListItem\",\"position\":1,\"name\":\"In\u00edcio\",\"item\":\"https:\/\/www.visitguarda.pt\/es\/\"},{\"@type\":\"ListItem\",\"position\":2,\"name\":\"Monumento a Augusto Gil\"}]},{\"@type\":\"WebSite\",\"@id\":\"https:\/\/www.visitguarda.pt\/#website\",\"url\":\"https:\/\/www.visitguarda.pt\/\",\"name\":\"VisitGuarda\",\"description\":\"\",\"publisher\":{\"@id\":\"https:\/\/www.visitguarda.pt\/#organization\"},\"potentialAction\":[{\"@type\":\"SearchAction\",\"target\":{\"@type\":\"EntryPoint\",\"urlTemplate\":\"https:\/\/www.visitguarda.pt\/?s={search_term_string}\"},\"query-input\":{\"@type\":\"PropertyValueSpecification\",\"valueRequired\":true,\"valueName\":\"search_term_string\"}}],\"inLanguage\":\"es\"},{\"@type\":\"Organization\",\"@id\":\"https:\/\/www.visitguarda.pt\/#organization\",\"name\":\"Munic\u00edpio da Guarda\",\"url\":\"https:\/\/www.visitguarda.pt\/\",\"logo\":{\"@type\":\"ImageObject\",\"inLanguage\":\"es\",\"@id\":\"https:\/\/www.visitguarda.pt\/#\/schema\/logo\/image\/\",\"url\":\"https:\/\/www.visitguarda.pt\/wp-content\/uploads\/2025\/01\/logo_mun_guarda.jpg\",\"contentUrl\":\"https:\/\/www.visitguarda.pt\/wp-content\/uploads\/2025\/01\/logo_mun_guarda.jpg\",\"width\":1181,\"height\":1181,\"caption\":\"Munic\u00edpio da Guarda\"},\"image\":{\"@id\":\"https:\/\/www.visitguarda.pt\/#\/schema\/logo\/image\/\"},\"sameAs\":[\"https:\/\/fb.com\/MunicipioDaGuarda\",\"https:\/\/www.instagram.com\/municipiodaguarda\"]}]}<\/script>\n<!-- \/ Yoast SEO plugin. -->","yoast_head_json":{"title":"Monumento a Augusto Gil - VisitGuarda","robots":{"index":"index","follow":"follow","max-snippet":"max-snippet:-1","max-image-preview":"max-image-preview:large","max-video-preview":"max-video-preview:-1"},"canonical":"https:\/\/www.visitguarda.pt\/ponto_de_interesse\/xxx\/","og_locale":"es_ES","og_type":"article","og_title":"Monumento a Augusto Gil - VisitGuarda","og_description":"La ubicaci\u00f3n caus\u00f3 pol\u00e9mica y el monumento fue desmontado y trasladado al Largo de S. Jo\u00e3o. Se termin\u00f3 en 1940, pero nunca se inaugur\u00f3. En su momento, fue la obra de arte p\u00fablico m\u00e1s bella de la ciudad, con la particularidad de no honrar a una figura del mundo de la medicina.El monumento erigido fue [&hellip;]","og_url":"https:\/\/www.visitguarda.pt\/ponto_de_interesse\/xxx\/","og_site_name":"VisitGuarda","article_publisher":"https:\/\/fb.com\/MunicipioDaGuarda","article_modified_time":"2026-03-12T13:15:27+00:00","twitter_card":"summary_large_image","twitter_misc":{"Tiempo de lectura":"1 minuto"},"schema":{"@context":"https:\/\/schema.org","@graph":[{"@type":"WebPage","@id":"https:\/\/www.visitguarda.pt\/ponto_de_interesse\/xxx\/","url":"https:\/\/www.visitguarda.pt\/ponto_de_interesse\/xxx\/","name":"Monumento a Augusto Gil - VisitGuarda","isPartOf":{"@id":"https:\/\/www.visitguarda.pt\/#website"},"datePublished":"2025-04-08T14:08:31+00:00","dateModified":"2026-03-12T13:15:27+00:00","breadcrumb":{"@id":"https:\/\/www.visitguarda.pt\/ponto_de_interesse\/xxx\/#breadcrumb"},"inLanguage":"es","potentialAction":[{"@type":"ReadAction","target":["https:\/\/www.visitguarda.pt\/ponto_de_interesse\/xxx\/"]}]},{"@type":"BreadcrumbList","@id":"https:\/\/www.visitguarda.pt\/ponto_de_interesse\/xxx\/#breadcrumb","itemListElement":[{"@type":"ListItem","position":1,"name":"In\u00edcio","item":"https:\/\/www.visitguarda.pt\/es\/"},{"@type":"ListItem","position":2,"name":"Monumento a Augusto Gil"}]},{"@type":"WebSite","@id":"https:\/\/www.visitguarda.pt\/#website","url":"https:\/\/www.visitguarda.pt\/","name":"VisitGuarda","description":"","publisher":{"@id":"https:\/\/www.visitguarda.pt\/#organization"},"potentialAction":[{"@type":"SearchAction","target":{"@type":"EntryPoint","urlTemplate":"https:\/\/www.visitguarda.pt\/?s={search_term_string}"},"query-input":{"@type":"PropertyValueSpecification","valueRequired":true,"valueName":"search_term_string"}}],"inLanguage":"es"},{"@type":"Organization","@id":"https:\/\/www.visitguarda.pt\/#organization","name":"Munic\u00edpio da Guarda","url":"https:\/\/www.visitguarda.pt\/","logo":{"@type":"ImageObject","inLanguage":"es","@id":"https:\/\/www.visitguarda.pt\/#\/schema\/logo\/image\/","url":"https:\/\/www.visitguarda.pt\/wp-content\/uploads\/2025\/01\/logo_mun_guarda.jpg","contentUrl":"https:\/\/www.visitguarda.pt\/wp-content\/uploads\/2025\/01\/logo_mun_guarda.jpg","width":1181,"height":1181,"caption":"Munic\u00edpio da Guarda"},"image":{"@id":"https:\/\/www.visitguarda.pt\/#\/schema\/logo\/image\/"},"sameAs":["https:\/\/fb.com\/MunicipioDaGuarda","https:\/\/www.instagram.com\/municipiodaguarda"]}]}},"_links":{"self":[{"href":"https:\/\/www.visitguarda.pt\/es\/wp-json\/wp\/v2\/ponto_de_interesse\/20187","targetHints":{"allow":["GET"]}}],"collection":[{"href":"https:\/\/www.visitguarda.pt\/es\/wp-json\/wp\/v2\/ponto_de_interesse"}],"about":[{"href":"https:\/\/www.visitguarda.pt\/es\/wp-json\/wp\/v2\/types\/ponto_de_interesse"}],"wp:attachment":[{"href":"https:\/\/www.visitguarda.pt\/es\/wp-json\/wp\/v2\/media?parent=20187"}],"wp:term":[{"taxonomy":"categoria_ponto_interesse","embeddable":true,"href":"https:\/\/www.visitguarda.pt\/es\/wp-json\/wp\/v2\/categoria_ponto_interesse?post=20187"},{"taxonomy":"duracao","embeddable":true,"href":"https:\/\/www.visitguarda.pt\/es\/wp-json\/wp\/v2\/duracao?post=20187"},{"taxonomy":"estacao_do_ano","embeddable":true,"href":"https:\/\/www.visitguarda.pt\/es\/wp-json\/wp\/v2\/estacao_do_ano?post=20187"},{"taxonomy":"grupo_de_viagem","embeddable":true,"href":"https:\/\/www.visitguarda.pt\/es\/wp-json\/wp\/v2\/grupo_de_viagem?post=20187"},{"taxonomy":"tipo_de_experiencia","embeddable":true,"href":"https:\/\/www.visitguarda.pt\/es\/wp-json\/wp\/v2\/tipo_de_experiencia?post=20187"}],"curies":[{"name":"wp","href":"https:\/\/api.w.org\/{rel}","templated":true}]}}