{"id":20191,"date":"2025-05-06T09:08:46","date_gmt":"2025-05-06T09:08:46","guid":{"rendered":"https:\/\/www.visitguarda.pt\/ponto_de_interesse\/pelourinho-de-valhelhas\/"},"modified":"2026-03-12T13:15:31","modified_gmt":"2026-03-12T13:15:31","slug":"pelourinho-de-valhelhas","status":"publish","type":"ponto_de_interesse","link":"https:\/\/www.visitguarda.pt\/es\/ponto_de_interesse\/pelourinho-de-valhelhas\/","title":{"rendered":"Valhelhas Picota"},"content":{"rendered":"<p>La picota de Valhelhas est\u00e1 encajonada en \u00abviejas piedras y todav\u00eda atestigua los privilegios de la nobleza popular de Valhelhas. Se alza imponente en una gran plaza, la Pra\u00e7a do Dr. Jos\u00e9 de Castro, frente al edificio de la escuela primaria y del Consejo Parroquial, que ocupa el emplazamiento del antiguo ayuntamiento y de la c\u00e1rcel. Est\u00e1 formada por una alta columna de granito, en la que podemos identificar tres elementos esenciales: z\u00f3calo, fuste y capitel. El z\u00f3calo, la parte de la columna que se apoya en el suelo, tiene a su alrededor siete escalones que forman oct\u00f3gonos regulares, cuyas dimensiones disminuyen progresivamente hasta llegar a la plataforma, que se apoya sobre ellos, y que tendr\u00e1 un radio de un metro. El fuste, la parte visible de la columna, tiene forma prism\u00e1tica octogonal con un radio de entre 0,30 y 0,40 metros. En su extremo superior, que lo une al capitel, presenta una arista bien definida que lo rodea\u00ab (Rocha, 1962: 184). Tiene \u00bbocho caras lisas y en la parte superior presenta un capitel formado por una moldura saliente y plana con secci\u00f3n concordante de doble moldura y listeles. La parte superior est\u00e1 formada por un \u00e1baco mayor con base plana y circular en la parte inferior\u00bb (Sousa, 1998: 45). El capitel de esta picota tiene \u00abun per\u00edmetro mucho mayor que la parte superior del fuste y est\u00e1 decorado con tres peque\u00f1as columnas, la del centro mucho m\u00e1s alta\u00bb (Rocha, 1962: 184). En esta picota, \u00abla parte superior est\u00e1 formada por un \u00e1baco m\u00e1s grande con una base plana y circular en la parte inferior. Sobre ella se apoyan dos peque\u00f1os obeliscos que, partiendo de una forma cuadrada, se desarrollan en un giro con triple modelado y un pomo terminal. En el centro hay un pin\u00e1culo que se eleva a partir de los dos elementos descritos en un gran volumen, pero con id\u00e9ntica forma, terminando en una corona octogonal con roset\u00f3n\u00bb (Sousa, 1998: 45).&nbsp;De acuerdo con el Decreto n\u00ba 23:122, de 11 de octubre de 1933, del Ministerio de Instrucci\u00f3n P\u00fablica \/ Direcci\u00f3n General de Ense\u00f1anza Superior y Bellas Artes, \u00ablas picoletas en Portugal son m\u00e1s s\u00edmbolos de autonom\u00eda regional que lugares de tortura\u00bb En este sentido, el decreto destaca la importancia de \u00abclasificar todas las picoletas existentes, as\u00ed como su inventario, en uso de la facultad conferida por la 2\u00aa parte del apartado 2 del art\u00edculo 108 de la Constituci\u00f3n, el Gobierno decreta y promulgo, para que tenga validez de ley, lo siguiente: Art\u00edculo 1\u00ba. Quedan clasificados como edificios de inter\u00e9s p\u00fablico, en los t\u00e9rminos del art\u00edculo 30 del decreto n\u00ba 20:985, de 7 de marzo de 1932, todos los pillorios que a\u00fan no hayan sido clasificados\u00bb.Seg\u00fan Lu\u00eds Chaves, en el libro Pelourinhos de Portugal (s\/d), \u00ablos pelourinhos, originalmente picotas, marcan el camino de la historia de los municipios en territorio portugu\u00e9s\u00bb. Del mismo modo, Pinheiro Chagas afirma en el Dicion\u00e1rio Popular (s\/d) que \u00abestos monumentos, aunque hayan acumulado las funciones de autonom\u00eda del municipio con las de ignominia, ya que en ellos se realizaban los castigos de flagelaci\u00f3n y exposici\u00f3n de criminales, etc., merecen ser preservados y protegidos del prejuicio inconsciente que ha surgido contra ellos en muchas partes del pa\u00eds\u00bb.&nbsp;Referencias:Chagas, M.P (s\/d) Dicion\u00e1rio PopularChaves, L. (1930) Pelourinhos Portugueses, Estudos Nacionais do Instituto de Coimbra, Gaia: Edi\u00e7\u00f5es ApolinoDecreto n\u00ba 23:122 de 11\/10\/1933 do Minist\u00e9rio da Instru\u00e7\u00e3o P\u00fablica \/ Dire\u00e7\u00e3o Geral do Ensino Superior e das Belas ArtesMALAFAIA, E.B. de Ata\u00edde, (1997) -Pelourinhos Portugueses &#8211; tent\u00e2me de invent\u00e1rio geral, Lisboa, Imprensa Nacional &#8211; Casa da Moeda.Rocha, A. (1962) Monografia de Valhelhas, Coimbra: Edi\u00e7\u00e3o de AutorSousa, J.R (1998) Pelourinhos do Distrito da Guarda, Viseu: Edi\u00e7\u00f5es de Autor, p.45<\/p>\n","protected":false},"featured_media":0,"template":"","meta":{"_acf_changed":false},"categoria_ponto_interesse":[221],"duracao":[],"estacao_do_ano":[],"grupo_de_viagem":[],"tipo_de_experiencia":[],"class_list":["post-20191","ponto_de_interesse","type-ponto_de_interesse","status-publish","hentry","categoria_ponto_interesse-monumentos-patrimonio-es-2"],"acf":[],"yoast_head":"<!-- This site is optimized with the Yoast SEO plugin v25.1 - https:\/\/yoast.com\/wordpress\/plugins\/seo\/ -->\n<title>Valhelhas Picota - VisitGuarda<\/title>\n<meta name=\"robots\" content=\"index, follow, max-snippet:-1, max-image-preview:large, max-video-preview:-1\" \/>\n<link rel=\"canonical\" href=\"https:\/\/www.visitguarda.pt\/ponto_de_interesse\/pelourinho-de-valhelhas\/\" \/>\n<meta property=\"og:locale\" content=\"es_ES\" \/>\n<meta property=\"og:type\" content=\"article\" \/>\n<meta property=\"og:title\" content=\"Valhelhas Picota - VisitGuarda\" \/>\n<meta property=\"og:description\" content=\"La picota de Valhelhas est\u00e1 encajonada en \u00abviejas piedras y todav\u00eda atestigua los privilegios de la nobleza popular de Valhelhas. Se alza imponente en una gran plaza, la Pra\u00e7a do Dr. Jos\u00e9 de Castro, frente al edificio de la escuela primaria y del Consejo Parroquial, que ocupa el emplazamiento del antiguo ayuntamiento y de la [&hellip;]\" \/>\n<meta property=\"og:url\" content=\"https:\/\/www.visitguarda.pt\/ponto_de_interesse\/pelourinho-de-valhelhas\/\" \/>\n<meta property=\"og:site_name\" content=\"VisitGuarda\" \/>\n<meta property=\"article:publisher\" content=\"https:\/\/fb.com\/MunicipioDaGuarda\" \/>\n<meta property=\"article:modified_time\" content=\"2026-03-12T13:15:31+00:00\" \/>\n<meta name=\"twitter:card\" content=\"summary_large_image\" \/>\n<meta name=\"twitter:label1\" content=\"Tiempo de lectura\" \/>\n\t<meta name=\"twitter:data1\" content=\"3 minuto\" \/>\n<script type=\"application\/ld+json\" class=\"yoast-schema-graph\">{\"@context\":\"https:\/\/schema.org\",\"@graph\":[{\"@type\":\"WebPage\",\"@id\":\"https:\/\/www.visitguarda.pt\/ponto_de_interesse\/pelourinho-de-valhelhas\/\",\"url\":\"https:\/\/www.visitguarda.pt\/ponto_de_interesse\/pelourinho-de-valhelhas\/\",\"name\":\"Valhelhas Picota - VisitGuarda\",\"isPartOf\":{\"@id\":\"https:\/\/www.visitguarda.pt\/#website\"},\"datePublished\":\"2025-05-06T09:08:46+00:00\",\"dateModified\":\"2026-03-12T13:15:31+00:00\",\"breadcrumb\":{\"@id\":\"https:\/\/www.visitguarda.pt\/ponto_de_interesse\/pelourinho-de-valhelhas\/#breadcrumb\"},\"inLanguage\":\"es\",\"potentialAction\":[{\"@type\":\"ReadAction\",\"target\":[\"https:\/\/www.visitguarda.pt\/ponto_de_interesse\/pelourinho-de-valhelhas\/\"]}]},{\"@type\":\"BreadcrumbList\",\"@id\":\"https:\/\/www.visitguarda.pt\/ponto_de_interesse\/pelourinho-de-valhelhas\/#breadcrumb\",\"itemListElement\":[{\"@type\":\"ListItem\",\"position\":1,\"name\":\"In\u00edcio\",\"item\":\"https:\/\/www.visitguarda.pt\/es\/\"},{\"@type\":\"ListItem\",\"position\":2,\"name\":\"Valhelhas Picota\"}]},{\"@type\":\"WebSite\",\"@id\":\"https:\/\/www.visitguarda.pt\/#website\",\"url\":\"https:\/\/www.visitguarda.pt\/\",\"name\":\"VisitGuarda\",\"description\":\"\",\"publisher\":{\"@id\":\"https:\/\/www.visitguarda.pt\/#organization\"},\"potentialAction\":[{\"@type\":\"SearchAction\",\"target\":{\"@type\":\"EntryPoint\",\"urlTemplate\":\"https:\/\/www.visitguarda.pt\/?s={search_term_string}\"},\"query-input\":{\"@type\":\"PropertyValueSpecification\",\"valueRequired\":true,\"valueName\":\"search_term_string\"}}],\"inLanguage\":\"es\"},{\"@type\":\"Organization\",\"@id\":\"https:\/\/www.visitguarda.pt\/#organization\",\"name\":\"Munic\u00edpio da Guarda\",\"url\":\"https:\/\/www.visitguarda.pt\/\",\"logo\":{\"@type\":\"ImageObject\",\"inLanguage\":\"es\",\"@id\":\"https:\/\/www.visitguarda.pt\/#\/schema\/logo\/image\/\",\"url\":\"https:\/\/www.visitguarda.pt\/wp-content\/uploads\/2025\/01\/logo_mun_guarda.jpg\",\"contentUrl\":\"https:\/\/www.visitguarda.pt\/wp-content\/uploads\/2025\/01\/logo_mun_guarda.jpg\",\"width\":1181,\"height\":1181,\"caption\":\"Munic\u00edpio da Guarda\"},\"image\":{\"@id\":\"https:\/\/www.visitguarda.pt\/#\/schema\/logo\/image\/\"},\"sameAs\":[\"https:\/\/fb.com\/MunicipioDaGuarda\",\"https:\/\/www.instagram.com\/municipiodaguarda\"]}]}<\/script>\n<!-- \/ Yoast SEO plugin. -->","yoast_head_json":{"title":"Valhelhas Picota - VisitGuarda","robots":{"index":"index","follow":"follow","max-snippet":"max-snippet:-1","max-image-preview":"max-image-preview:large","max-video-preview":"max-video-preview:-1"},"canonical":"https:\/\/www.visitguarda.pt\/ponto_de_interesse\/pelourinho-de-valhelhas\/","og_locale":"es_ES","og_type":"article","og_title":"Valhelhas Picota - VisitGuarda","og_description":"La picota de Valhelhas est\u00e1 encajonada en \u00abviejas piedras y todav\u00eda atestigua los privilegios de la nobleza popular de Valhelhas. Se alza imponente en una gran plaza, la Pra\u00e7a do Dr. Jos\u00e9 de Castro, frente al edificio de la escuela primaria y del Consejo Parroquial, que ocupa el emplazamiento del antiguo ayuntamiento y de la [&hellip;]","og_url":"https:\/\/www.visitguarda.pt\/ponto_de_interesse\/pelourinho-de-valhelhas\/","og_site_name":"VisitGuarda","article_publisher":"https:\/\/fb.com\/MunicipioDaGuarda","article_modified_time":"2026-03-12T13:15:31+00:00","twitter_card":"summary_large_image","twitter_misc":{"Tiempo de lectura":"3 minuto"},"schema":{"@context":"https:\/\/schema.org","@graph":[{"@type":"WebPage","@id":"https:\/\/www.visitguarda.pt\/ponto_de_interesse\/pelourinho-de-valhelhas\/","url":"https:\/\/www.visitguarda.pt\/ponto_de_interesse\/pelourinho-de-valhelhas\/","name":"Valhelhas Picota - VisitGuarda","isPartOf":{"@id":"https:\/\/www.visitguarda.pt\/#website"},"datePublished":"2025-05-06T09:08:46+00:00","dateModified":"2026-03-12T13:15:31+00:00","breadcrumb":{"@id":"https:\/\/www.visitguarda.pt\/ponto_de_interesse\/pelourinho-de-valhelhas\/#breadcrumb"},"inLanguage":"es","potentialAction":[{"@type":"ReadAction","target":["https:\/\/www.visitguarda.pt\/ponto_de_interesse\/pelourinho-de-valhelhas\/"]}]},{"@type":"BreadcrumbList","@id":"https:\/\/www.visitguarda.pt\/ponto_de_interesse\/pelourinho-de-valhelhas\/#breadcrumb","itemListElement":[{"@type":"ListItem","position":1,"name":"In\u00edcio","item":"https:\/\/www.visitguarda.pt\/es\/"},{"@type":"ListItem","position":2,"name":"Valhelhas Picota"}]},{"@type":"WebSite","@id":"https:\/\/www.visitguarda.pt\/#website","url":"https:\/\/www.visitguarda.pt\/","name":"VisitGuarda","description":"","publisher":{"@id":"https:\/\/www.visitguarda.pt\/#organization"},"potentialAction":[{"@type":"SearchAction","target":{"@type":"EntryPoint","urlTemplate":"https:\/\/www.visitguarda.pt\/?s={search_term_string}"},"query-input":{"@type":"PropertyValueSpecification","valueRequired":true,"valueName":"search_term_string"}}],"inLanguage":"es"},{"@type":"Organization","@id":"https:\/\/www.visitguarda.pt\/#organization","name":"Munic\u00edpio da Guarda","url":"https:\/\/www.visitguarda.pt\/","logo":{"@type":"ImageObject","inLanguage":"es","@id":"https:\/\/www.visitguarda.pt\/#\/schema\/logo\/image\/","url":"https:\/\/www.visitguarda.pt\/wp-content\/uploads\/2025\/01\/logo_mun_guarda.jpg","contentUrl":"https:\/\/www.visitguarda.pt\/wp-content\/uploads\/2025\/01\/logo_mun_guarda.jpg","width":1181,"height":1181,"caption":"Munic\u00edpio da Guarda"},"image":{"@id":"https:\/\/www.visitguarda.pt\/#\/schema\/logo\/image\/"},"sameAs":["https:\/\/fb.com\/MunicipioDaGuarda","https:\/\/www.instagram.com\/municipiodaguarda"]}]}},"_links":{"self":[{"href":"https:\/\/www.visitguarda.pt\/es\/wp-json\/wp\/v2\/ponto_de_interesse\/20191","targetHints":{"allow":["GET"]}}],"collection":[{"href":"https:\/\/www.visitguarda.pt\/es\/wp-json\/wp\/v2\/ponto_de_interesse"}],"about":[{"href":"https:\/\/www.visitguarda.pt\/es\/wp-json\/wp\/v2\/types\/ponto_de_interesse"}],"wp:attachment":[{"href":"https:\/\/www.visitguarda.pt\/es\/wp-json\/wp\/v2\/media?parent=20191"}],"wp:term":[{"taxonomy":"categoria_ponto_interesse","embeddable":true,"href":"https:\/\/www.visitguarda.pt\/es\/wp-json\/wp\/v2\/categoria_ponto_interesse?post=20191"},{"taxonomy":"duracao","embeddable":true,"href":"https:\/\/www.visitguarda.pt\/es\/wp-json\/wp\/v2\/duracao?post=20191"},{"taxonomy":"estacao_do_ano","embeddable":true,"href":"https:\/\/www.visitguarda.pt\/es\/wp-json\/wp\/v2\/estacao_do_ano?post=20191"},{"taxonomy":"grupo_de_viagem","embeddable":true,"href":"https:\/\/www.visitguarda.pt\/es\/wp-json\/wp\/v2\/grupo_de_viagem?post=20191"},{"taxonomy":"tipo_de_experiencia","embeddable":true,"href":"https:\/\/www.visitguarda.pt\/es\/wp-json\/wp\/v2\/tipo_de_experiencia?post=20191"}],"curies":[{"name":"wp","href":"https:\/\/api.w.org\/{rel}","templated":true}]}}