{"id":20216,"date":"2025-05-23T10:09:52","date_gmt":"2025-05-23T10:09:52","guid":{"rendered":"https:\/\/www.visitguarda.pt\/ponto_de_interesse\/azulejo-de-frei-pedro-da-guarda\/"},"modified":"2026-03-12T13:15:44","modified_gmt":"2026-03-12T13:15:44","slug":"azulejo-de-frei-pedro-da-guarda","status":"publish","type":"ponto_de_interesse","link":"https:\/\/www.visitguarda.pt\/es\/ponto_de_interesse\/azulejo-de-frei-pedro-da-guarda\/","title":{"rendered":"Azulejo de Fray Pedro da Guarda"},"content":{"rendered":"<p>Fray Pedro da Guarda: Naci\u00f3 en 1435 en la ciudad m\u00e1s alta, hijo de Jo\u00e3o Lu\u00eds, tejedor, y \u00c2ngela Gon\u00e7alves. Franciscano a los 25 a\u00f1os, se dedic\u00f3 a rescatar viajeros perdidos en las monta\u00f1as nevadas, siempre acompa\u00f1ado de su perro Serra da Estrela, al que se atribuye haber salvado cientos de vidas. Tambi\u00e9n se ocup\u00f3 de los enfermos, para lo que fund\u00f3 el primer hospital de Guarda. Su fama de santidad y notoriedad, en contraste con su profunda humildad, le llevaron, a los 50 a\u00f1os, a trasladarse al convento de San Bernardino, en la isla de Madeira, entonces casi despoblada, donde muri\u00f3 a los 70 a\u00f1os, llamado el Siervo de Dios.<\/p>\n","protected":false},"featured_media":0,"template":"","meta":{"_acf_changed":false},"categoria_ponto_interesse":[221],"duracao":[],"estacao_do_ano":[],"grupo_de_viagem":[],"tipo_de_experiencia":[],"class_list":["post-20216","ponto_de_interesse","type-ponto_de_interesse","status-publish","hentry","categoria_ponto_interesse-monumentos-patrimonio-es-2"],"acf":[],"yoast_head":"<!-- This site is optimized with the Yoast SEO plugin v25.1 - https:\/\/yoast.com\/wordpress\/plugins\/seo\/ -->\n<title>Azulejo de Fray Pedro da Guarda - VisitGuarda<\/title>\n<meta name=\"robots\" content=\"index, follow, max-snippet:-1, max-image-preview:large, max-video-preview:-1\" \/>\n<link rel=\"canonical\" href=\"https:\/\/www.visitguarda.pt\/ponto_de_interesse\/azulejo-de-frei-pedro-da-guarda\/\" \/>\n<meta property=\"og:locale\" content=\"es_ES\" \/>\n<meta property=\"og:type\" content=\"article\" \/>\n<meta property=\"og:title\" content=\"Azulejo de Fray Pedro da Guarda - VisitGuarda\" \/>\n<meta property=\"og:description\" content=\"Fray Pedro da Guarda: Naci\u00f3 en 1435 en la ciudad m\u00e1s alta, hijo de Jo\u00e3o Lu\u00eds, tejedor, y \u00c2ngela Gon\u00e7alves. Franciscano a los 25 a\u00f1os, se dedic\u00f3 a rescatar viajeros perdidos en las monta\u00f1as nevadas, siempre acompa\u00f1ado de su perro Serra da Estrela, al que se atribuye haber salvado cientos de vidas. Tambi\u00e9n se ocup\u00f3 [&hellip;]\" \/>\n<meta property=\"og:url\" content=\"https:\/\/www.visitguarda.pt\/ponto_de_interesse\/azulejo-de-frei-pedro-da-guarda\/\" \/>\n<meta property=\"og:site_name\" content=\"VisitGuarda\" \/>\n<meta property=\"article:publisher\" content=\"https:\/\/fb.com\/MunicipioDaGuarda\" \/>\n<meta property=\"article:modified_time\" content=\"2026-03-12T13:15:44+00:00\" \/>\n<meta name=\"twitter:card\" content=\"summary_large_image\" \/>\n<meta name=\"twitter:label1\" content=\"Tiempo de lectura\" \/>\n\t<meta name=\"twitter:data1\" content=\"1 minuto\" \/>\n<script type=\"application\/ld+json\" class=\"yoast-schema-graph\">{\"@context\":\"https:\/\/schema.org\",\"@graph\":[{\"@type\":\"WebPage\",\"@id\":\"https:\/\/www.visitguarda.pt\/ponto_de_interesse\/azulejo-de-frei-pedro-da-guarda\/\",\"url\":\"https:\/\/www.visitguarda.pt\/ponto_de_interesse\/azulejo-de-frei-pedro-da-guarda\/\",\"name\":\"Azulejo de Fray Pedro da Guarda - VisitGuarda\",\"isPartOf\":{\"@id\":\"https:\/\/www.visitguarda.pt\/#website\"},\"datePublished\":\"2025-05-23T10:09:52+00:00\",\"dateModified\":\"2026-03-12T13:15:44+00:00\",\"breadcrumb\":{\"@id\":\"https:\/\/www.visitguarda.pt\/ponto_de_interesse\/azulejo-de-frei-pedro-da-guarda\/#breadcrumb\"},\"inLanguage\":\"es\",\"potentialAction\":[{\"@type\":\"ReadAction\",\"target\":[\"https:\/\/www.visitguarda.pt\/ponto_de_interesse\/azulejo-de-frei-pedro-da-guarda\/\"]}]},{\"@type\":\"BreadcrumbList\",\"@id\":\"https:\/\/www.visitguarda.pt\/ponto_de_interesse\/azulejo-de-frei-pedro-da-guarda\/#breadcrumb\",\"itemListElement\":[{\"@type\":\"ListItem\",\"position\":1,\"name\":\"In\u00edcio\",\"item\":\"https:\/\/www.visitguarda.pt\/es\/\"},{\"@type\":\"ListItem\",\"position\":2,\"name\":\"Azulejo de Fray Pedro da Guarda\"}]},{\"@type\":\"WebSite\",\"@id\":\"https:\/\/www.visitguarda.pt\/#website\",\"url\":\"https:\/\/www.visitguarda.pt\/\",\"name\":\"VisitGuarda\",\"description\":\"\",\"publisher\":{\"@id\":\"https:\/\/www.visitguarda.pt\/#organization\"},\"potentialAction\":[{\"@type\":\"SearchAction\",\"target\":{\"@type\":\"EntryPoint\",\"urlTemplate\":\"https:\/\/www.visitguarda.pt\/?s={search_term_string}\"},\"query-input\":{\"@type\":\"PropertyValueSpecification\",\"valueRequired\":true,\"valueName\":\"search_term_string\"}}],\"inLanguage\":\"es\"},{\"@type\":\"Organization\",\"@id\":\"https:\/\/www.visitguarda.pt\/#organization\",\"name\":\"Munic\u00edpio da Guarda\",\"url\":\"https:\/\/www.visitguarda.pt\/\",\"logo\":{\"@type\":\"ImageObject\",\"inLanguage\":\"es\",\"@id\":\"https:\/\/www.visitguarda.pt\/#\/schema\/logo\/image\/\",\"url\":\"https:\/\/www.visitguarda.pt\/wp-content\/uploads\/2025\/01\/logo_mun_guarda.jpg\",\"contentUrl\":\"https:\/\/www.visitguarda.pt\/wp-content\/uploads\/2025\/01\/logo_mun_guarda.jpg\",\"width\":1181,\"height\":1181,\"caption\":\"Munic\u00edpio da Guarda\"},\"image\":{\"@id\":\"https:\/\/www.visitguarda.pt\/#\/schema\/logo\/image\/\"},\"sameAs\":[\"https:\/\/fb.com\/MunicipioDaGuarda\",\"https:\/\/www.instagram.com\/municipiodaguarda\"]}]}<\/script>\n<!-- \/ Yoast SEO plugin. -->","yoast_head_json":{"title":"Azulejo de Fray Pedro da Guarda - VisitGuarda","robots":{"index":"index","follow":"follow","max-snippet":"max-snippet:-1","max-image-preview":"max-image-preview:large","max-video-preview":"max-video-preview:-1"},"canonical":"https:\/\/www.visitguarda.pt\/ponto_de_interesse\/azulejo-de-frei-pedro-da-guarda\/","og_locale":"es_ES","og_type":"article","og_title":"Azulejo de Fray Pedro da Guarda - VisitGuarda","og_description":"Fray Pedro da Guarda: Naci\u00f3 en 1435 en la ciudad m\u00e1s alta, hijo de Jo\u00e3o Lu\u00eds, tejedor, y \u00c2ngela Gon\u00e7alves. Franciscano a los 25 a\u00f1os, se dedic\u00f3 a rescatar viajeros perdidos en las monta\u00f1as nevadas, siempre acompa\u00f1ado de su perro Serra da Estrela, al que se atribuye haber salvado cientos de vidas. Tambi\u00e9n se ocup\u00f3 [&hellip;]","og_url":"https:\/\/www.visitguarda.pt\/ponto_de_interesse\/azulejo-de-frei-pedro-da-guarda\/","og_site_name":"VisitGuarda","article_publisher":"https:\/\/fb.com\/MunicipioDaGuarda","article_modified_time":"2026-03-12T13:15:44+00:00","twitter_card":"summary_large_image","twitter_misc":{"Tiempo de lectura":"1 minuto"},"schema":{"@context":"https:\/\/schema.org","@graph":[{"@type":"WebPage","@id":"https:\/\/www.visitguarda.pt\/ponto_de_interesse\/azulejo-de-frei-pedro-da-guarda\/","url":"https:\/\/www.visitguarda.pt\/ponto_de_interesse\/azulejo-de-frei-pedro-da-guarda\/","name":"Azulejo de Fray Pedro da Guarda - VisitGuarda","isPartOf":{"@id":"https:\/\/www.visitguarda.pt\/#website"},"datePublished":"2025-05-23T10:09:52+00:00","dateModified":"2026-03-12T13:15:44+00:00","breadcrumb":{"@id":"https:\/\/www.visitguarda.pt\/ponto_de_interesse\/azulejo-de-frei-pedro-da-guarda\/#breadcrumb"},"inLanguage":"es","potentialAction":[{"@type":"ReadAction","target":["https:\/\/www.visitguarda.pt\/ponto_de_interesse\/azulejo-de-frei-pedro-da-guarda\/"]}]},{"@type":"BreadcrumbList","@id":"https:\/\/www.visitguarda.pt\/ponto_de_interesse\/azulejo-de-frei-pedro-da-guarda\/#breadcrumb","itemListElement":[{"@type":"ListItem","position":1,"name":"In\u00edcio","item":"https:\/\/www.visitguarda.pt\/es\/"},{"@type":"ListItem","position":2,"name":"Azulejo de Fray Pedro da Guarda"}]},{"@type":"WebSite","@id":"https:\/\/www.visitguarda.pt\/#website","url":"https:\/\/www.visitguarda.pt\/","name":"VisitGuarda","description":"","publisher":{"@id":"https:\/\/www.visitguarda.pt\/#organization"},"potentialAction":[{"@type":"SearchAction","target":{"@type":"EntryPoint","urlTemplate":"https:\/\/www.visitguarda.pt\/?s={search_term_string}"},"query-input":{"@type":"PropertyValueSpecification","valueRequired":true,"valueName":"search_term_string"}}],"inLanguage":"es"},{"@type":"Organization","@id":"https:\/\/www.visitguarda.pt\/#organization","name":"Munic\u00edpio da Guarda","url":"https:\/\/www.visitguarda.pt\/","logo":{"@type":"ImageObject","inLanguage":"es","@id":"https:\/\/www.visitguarda.pt\/#\/schema\/logo\/image\/","url":"https:\/\/www.visitguarda.pt\/wp-content\/uploads\/2025\/01\/logo_mun_guarda.jpg","contentUrl":"https:\/\/www.visitguarda.pt\/wp-content\/uploads\/2025\/01\/logo_mun_guarda.jpg","width":1181,"height":1181,"caption":"Munic\u00edpio da Guarda"},"image":{"@id":"https:\/\/www.visitguarda.pt\/#\/schema\/logo\/image\/"},"sameAs":["https:\/\/fb.com\/MunicipioDaGuarda","https:\/\/www.instagram.com\/municipiodaguarda"]}]}},"_links":{"self":[{"href":"https:\/\/www.visitguarda.pt\/es\/wp-json\/wp\/v2\/ponto_de_interesse\/20216","targetHints":{"allow":["GET"]}}],"collection":[{"href":"https:\/\/www.visitguarda.pt\/es\/wp-json\/wp\/v2\/ponto_de_interesse"}],"about":[{"href":"https:\/\/www.visitguarda.pt\/es\/wp-json\/wp\/v2\/types\/ponto_de_interesse"}],"wp:attachment":[{"href":"https:\/\/www.visitguarda.pt\/es\/wp-json\/wp\/v2\/media?parent=20216"}],"wp:term":[{"taxonomy":"categoria_ponto_interesse","embeddable":true,"href":"https:\/\/www.visitguarda.pt\/es\/wp-json\/wp\/v2\/categoria_ponto_interesse?post=20216"},{"taxonomy":"duracao","embeddable":true,"href":"https:\/\/www.visitguarda.pt\/es\/wp-json\/wp\/v2\/duracao?post=20216"},{"taxonomy":"estacao_do_ano","embeddable":true,"href":"https:\/\/www.visitguarda.pt\/es\/wp-json\/wp\/v2\/estacao_do_ano?post=20216"},{"taxonomy":"grupo_de_viagem","embeddable":true,"href":"https:\/\/www.visitguarda.pt\/es\/wp-json\/wp\/v2\/grupo_de_viagem?post=20216"},{"taxonomy":"tipo_de_experiencia","embeddable":true,"href":"https:\/\/www.visitguarda.pt\/es\/wp-json\/wp\/v2\/tipo_de_experiencia?post=20216"}],"curies":[{"name":"wp","href":"https:\/\/api.w.org\/{rel}","templated":true}]}}