{"version":"1.0","provider_name":"VisitGuarda","provider_url":"https:\/\/www.visitguarda.pt\/fr\/","title":"Circuit Litt\u00e9raire Vergilien - VisitGuarda","type":"rich","width":600,"height":338,"html":"<blockquote class=\"wp-embedded-content\" data-secret=\"X20TIdO7Po\"><a href=\"https:\/\/www.visitguarda.pt\/fr\/ponto_de_interesse\/roteiro-literario-vergiliano\/\">Circuit Litt\u00e9raire Vergilien<\/a><\/blockquote><iframe sandbox=\"allow-scripts\" security=\"restricted\" src=\"https:\/\/www.visitguarda.pt\/fr\/ponto_de_interesse\/roteiro-literario-vergiliano\/embed\/#?secret=X20TIdO7Po\" width=\"600\" height=\"338\" title=\"\u00ab\u00a0Circuit Litt\u00e9raire Vergilien\u00a0\u00bb &#8212; VisitGuarda\" data-secret=\"X20TIdO7Po\" frameborder=\"0\" marginwidth=\"0\" marginheight=\"0\" scrolling=\"no\" class=\"wp-embedded-content\"><\/iframe><script>\n\/*! This file is auto-generated *\/\n!function(d,l){\"use strict\";l.querySelector&&d.addEventListener&&\"undefined\"!=typeof URL&&(d.wp=d.wp||{},d.wp.receiveEmbedMessage||(d.wp.receiveEmbedMessage=function(e){var t=e.data;if((t||t.secret||t.message||t.value)&&!\/[^a-zA-Z0-9]\/.test(t.secret)){for(var s,r,n,a=l.querySelectorAll('iframe[data-secret=\"'+t.secret+'\"]'),o=l.querySelectorAll('blockquote[data-secret=\"'+t.secret+'\"]'),c=new RegExp(\"^https?:$\",\"i\"),i=0;i<o.length;i++)o[i].style.display=\"none\";for(i=0;i<a.length;i++)s=a[i],e.source===s.contentWindow&&(s.removeAttribute(\"style\"),\"height\"===t.message?(1e3<(r=parseInt(t.value,10))?r=1e3:~~r<200&&(r=200),s.height=r):\"link\"===t.message&&(r=new URL(s.getAttribute(\"src\")),n=new URL(t.value),c.test(n.protocol))&&n.host===r.host&&l.activeElement===s&&(d.top.location.href=t.value))}},d.addEventListener(\"message\",d.wp.receiveEmbedMessage,!1),l.addEventListener(\"DOMContentLoaded\",function(){for(var e,t,s=l.querySelectorAll(\"iframe.wp-embedded-content\"),r=0;r<s.length;r++)(t=(e=s[r]).getAttribute(\"data-secret\"))||(t=Math.random().toString(36).substring(2,12),e.src+=\"#?secret=\"+t,e.setAttribute(\"data-secret\",t)),e.contentWindow.postMessage({message:\"ready\",secret:t},\"*\")},!1)))}(window,document);\n<\/script>\n","description":"Verg\u00edlio Ant\u00f3nio Ferreira d&rsquo;Oliveira (1916 &#8211; 1996) est n\u00e9 \u00e0 Melo, un village de la municipalit\u00e9 de Gouveia. L&rsquo;\u0153uvre de Verg\u00edlio, vaste et dispers\u00e9e en termes de taille et de g\u00e9nie, offre un large \u00e9ventail de contributions qui favorisent une analyse exhaustive. Tant \u00ab\u00a0Manh\u00e3 Submersa\u00a0\u00bb que \u00ab\u00a0\u00c9toile Polaire\u00a0\u00bb r\u00e9v\u00e8lent une Penalva (Guarda) accueillante et r\u00e9demptrice [&hellip;]"}