{"id":10108,"date":"2024-05-28T16:57:44","date_gmt":"2024-05-28T16:57:44","guid":{"rendered":"https:\/\/visitguarda.dev.loba.com\/ponto_de_interesse\/casa-museu-jose-antunes-pissarra-na-arrifana\/"},"modified":"2026-03-12T13:00:50","modified_gmt":"2026-03-12T13:00:50","slug":"casa-museu-jose-antunes-pissarra-na-arrifana","status":"publish","type":"ponto_de_interesse","link":"https:\/\/www.visitguarda.pt\/fr\/ponto_de_interesse\/casa-museu-jose-antunes-pissarra-na-arrifana\/","title":{"rendered":"Maison-mus\u00e9e Jos\u00e9 Antunes Pissarra \u00e0 Arrifana"},"content":{"rendered":"<p>Les outils agricoles traditionnels, les outils de ma\u00e7on, le m\u00e9tier \u00e0 tisser, le tour de charpentier, le moulin \u00e0 main, le saloir en pierre et les ustensiles qui constituaient la \u00ab\u00a0farce\u00a0\u00bb domestique d&rsquo;une maison traditionnelle ainsi que d&rsquo;autres objets issus de l&rsquo;ethnographie locale sont les points forts de la collection.<\/p>\n","protected":false},"featured_media":0,"template":"","meta":{"_acf_changed":false},"categoria_ponto_interesse":[267],"duracao":[],"estacao_do_ano":[],"grupo_de_viagem":[],"tipo_de_experiencia":[268,250],"class_list":["post-10108","ponto_de_interesse","type-ponto_de_interesse","status-publish","hentry","categoria_ponto_interesse-musees-maisons-musees","tipo_de_experiencia-culture-fr","tipo_de_experiencia-patrimoine"],"acf":[],"yoast_head":"<!-- This site is optimized with the Yoast SEO plugin v25.1 - https:\/\/yoast.com\/wordpress\/plugins\/seo\/ -->\n<title>Maison-mus\u00e9e Jos\u00e9 Antunes Pissarra \u00e0 Arrifana - VisitGuarda<\/title>\n<meta name=\"robots\" content=\"index, follow, max-snippet:-1, max-image-preview:large, max-video-preview:-1\" \/>\n<link rel=\"canonical\" href=\"https:\/\/www.visitguarda.pt\/ponto_de_interesse\/casa-museu-jose-antunes-pissarra-na-arrifana\/\" \/>\n<meta property=\"og:locale\" content=\"fr_FR\" \/>\n<meta property=\"og:type\" content=\"article\" \/>\n<meta property=\"og:title\" content=\"Maison-mus\u00e9e Jos\u00e9 Antunes Pissarra \u00e0 Arrifana - VisitGuarda\" \/>\n<meta property=\"og:description\" content=\"Les outils agricoles traditionnels, les outils de ma\u00e7on, le m\u00e9tier \u00e0 tisser, le tour de charpentier, le moulin \u00e0 main, le saloir en pierre et les ustensiles qui constituaient la \u00ab\u00a0farce\u00a0\u00bb domestique d&rsquo;une maison traditionnelle ainsi que d&rsquo;autres objets issus de l&rsquo;ethnographie locale sont les points forts de la collection.\" \/>\n<meta property=\"og:url\" content=\"https:\/\/www.visitguarda.pt\/ponto_de_interesse\/casa-museu-jose-antunes-pissarra-na-arrifana\/\" \/>\n<meta property=\"og:site_name\" content=\"VisitGuarda\" \/>\n<meta property=\"article:publisher\" content=\"https:\/\/fb.com\/MunicipioDaGuarda\" \/>\n<meta property=\"article:modified_time\" content=\"2026-03-12T13:00:50+00:00\" \/>\n<meta name=\"twitter:card\" content=\"summary_large_image\" \/>\n<script type=\"application\/ld+json\" class=\"yoast-schema-graph\">{\"@context\":\"https:\/\/schema.org\",\"@graph\":[{\"@type\":\"WebPage\",\"@id\":\"https:\/\/www.visitguarda.pt\/ponto_de_interesse\/casa-museu-jose-antunes-pissarra-na-arrifana\/\",\"url\":\"https:\/\/www.visitguarda.pt\/ponto_de_interesse\/casa-museu-jose-antunes-pissarra-na-arrifana\/\",\"name\":\"Maison-mus\u00e9e Jos\u00e9 Antunes Pissarra \u00e0 Arrifana - VisitGuarda\",\"isPartOf\":{\"@id\":\"https:\/\/www.visitguarda.pt\/#website\"},\"datePublished\":\"2024-05-28T16:57:44+00:00\",\"dateModified\":\"2026-03-12T13:00:50+00:00\",\"breadcrumb\":{\"@id\":\"https:\/\/www.visitguarda.pt\/ponto_de_interesse\/casa-museu-jose-antunes-pissarra-na-arrifana\/#breadcrumb\"},\"inLanguage\":\"fr-FR\",\"potentialAction\":[{\"@type\":\"ReadAction\",\"target\":[\"https:\/\/www.visitguarda.pt\/ponto_de_interesse\/casa-museu-jose-antunes-pissarra-na-arrifana\/\"]}]},{\"@type\":\"BreadcrumbList\",\"@id\":\"https:\/\/www.visitguarda.pt\/ponto_de_interesse\/casa-museu-jose-antunes-pissarra-na-arrifana\/#breadcrumb\",\"itemListElement\":[{\"@type\":\"ListItem\",\"position\":1,\"name\":\"In\u00edcio\",\"item\":\"https:\/\/www.visitguarda.pt\/fr\/\"},{\"@type\":\"ListItem\",\"position\":2,\"name\":\"Maison-mus\u00e9e Jos\u00e9 Antunes Pissarra \u00e0 Arrifana\"}]},{\"@type\":\"WebSite\",\"@id\":\"https:\/\/www.visitguarda.pt\/#website\",\"url\":\"https:\/\/www.visitguarda.pt\/\",\"name\":\"VisitGuarda\",\"description\":\"\",\"publisher\":{\"@id\":\"https:\/\/www.visitguarda.pt\/#organization\"},\"potentialAction\":[{\"@type\":\"SearchAction\",\"target\":{\"@type\":\"EntryPoint\",\"urlTemplate\":\"https:\/\/www.visitguarda.pt\/?s={search_term_string}\"},\"query-input\":{\"@type\":\"PropertyValueSpecification\",\"valueRequired\":true,\"valueName\":\"search_term_string\"}}],\"inLanguage\":\"fr-FR\"},{\"@type\":\"Organization\",\"@id\":\"https:\/\/www.visitguarda.pt\/#organization\",\"name\":\"Munic\u00edpio da Guarda\",\"url\":\"https:\/\/www.visitguarda.pt\/\",\"logo\":{\"@type\":\"ImageObject\",\"inLanguage\":\"fr-FR\",\"@id\":\"https:\/\/www.visitguarda.pt\/#\/schema\/logo\/image\/\",\"url\":\"https:\/\/www.visitguarda.pt\/wp-content\/uploads\/2025\/01\/logo_mun_guarda.jpg\",\"contentUrl\":\"https:\/\/www.visitguarda.pt\/wp-content\/uploads\/2025\/01\/logo_mun_guarda.jpg\",\"width\":1181,\"height\":1181,\"caption\":\"Munic\u00edpio da Guarda\"},\"image\":{\"@id\":\"https:\/\/www.visitguarda.pt\/#\/schema\/logo\/image\/\"},\"sameAs\":[\"https:\/\/fb.com\/MunicipioDaGuarda\",\"https:\/\/www.instagram.com\/municipiodaguarda\"]}]}<\/script>\n<!-- \/ Yoast SEO plugin. -->","yoast_head_json":{"title":"Maison-mus\u00e9e Jos\u00e9 Antunes Pissarra \u00e0 Arrifana - VisitGuarda","robots":{"index":"index","follow":"follow","max-snippet":"max-snippet:-1","max-image-preview":"max-image-preview:large","max-video-preview":"max-video-preview:-1"},"canonical":"https:\/\/www.visitguarda.pt\/ponto_de_interesse\/casa-museu-jose-antunes-pissarra-na-arrifana\/","og_locale":"fr_FR","og_type":"article","og_title":"Maison-mus\u00e9e Jos\u00e9 Antunes Pissarra \u00e0 Arrifana - VisitGuarda","og_description":"Les outils agricoles traditionnels, les outils de ma\u00e7on, le m\u00e9tier \u00e0 tisser, le tour de charpentier, le moulin \u00e0 main, le saloir en pierre et les ustensiles qui constituaient la \u00ab\u00a0farce\u00a0\u00bb domestique d&rsquo;une maison traditionnelle ainsi que d&rsquo;autres objets issus de l&rsquo;ethnographie locale sont les points forts de la collection.","og_url":"https:\/\/www.visitguarda.pt\/ponto_de_interesse\/casa-museu-jose-antunes-pissarra-na-arrifana\/","og_site_name":"VisitGuarda","article_publisher":"https:\/\/fb.com\/MunicipioDaGuarda","article_modified_time":"2026-03-12T13:00:50+00:00","twitter_card":"summary_large_image","schema":{"@context":"https:\/\/schema.org","@graph":[{"@type":"WebPage","@id":"https:\/\/www.visitguarda.pt\/ponto_de_interesse\/casa-museu-jose-antunes-pissarra-na-arrifana\/","url":"https:\/\/www.visitguarda.pt\/ponto_de_interesse\/casa-museu-jose-antunes-pissarra-na-arrifana\/","name":"Maison-mus\u00e9e Jos\u00e9 Antunes Pissarra \u00e0 Arrifana - VisitGuarda","isPartOf":{"@id":"https:\/\/www.visitguarda.pt\/#website"},"datePublished":"2024-05-28T16:57:44+00:00","dateModified":"2026-03-12T13:00:50+00:00","breadcrumb":{"@id":"https:\/\/www.visitguarda.pt\/ponto_de_interesse\/casa-museu-jose-antunes-pissarra-na-arrifana\/#breadcrumb"},"inLanguage":"fr-FR","potentialAction":[{"@type":"ReadAction","target":["https:\/\/www.visitguarda.pt\/ponto_de_interesse\/casa-museu-jose-antunes-pissarra-na-arrifana\/"]}]},{"@type":"BreadcrumbList","@id":"https:\/\/www.visitguarda.pt\/ponto_de_interesse\/casa-museu-jose-antunes-pissarra-na-arrifana\/#breadcrumb","itemListElement":[{"@type":"ListItem","position":1,"name":"In\u00edcio","item":"https:\/\/www.visitguarda.pt\/fr\/"},{"@type":"ListItem","position":2,"name":"Maison-mus\u00e9e Jos\u00e9 Antunes Pissarra \u00e0 Arrifana"}]},{"@type":"WebSite","@id":"https:\/\/www.visitguarda.pt\/#website","url":"https:\/\/www.visitguarda.pt\/","name":"VisitGuarda","description":"","publisher":{"@id":"https:\/\/www.visitguarda.pt\/#organization"},"potentialAction":[{"@type":"SearchAction","target":{"@type":"EntryPoint","urlTemplate":"https:\/\/www.visitguarda.pt\/?s={search_term_string}"},"query-input":{"@type":"PropertyValueSpecification","valueRequired":true,"valueName":"search_term_string"}}],"inLanguage":"fr-FR"},{"@type":"Organization","@id":"https:\/\/www.visitguarda.pt\/#organization","name":"Munic\u00edpio da Guarda","url":"https:\/\/www.visitguarda.pt\/","logo":{"@type":"ImageObject","inLanguage":"fr-FR","@id":"https:\/\/www.visitguarda.pt\/#\/schema\/logo\/image\/","url":"https:\/\/www.visitguarda.pt\/wp-content\/uploads\/2025\/01\/logo_mun_guarda.jpg","contentUrl":"https:\/\/www.visitguarda.pt\/wp-content\/uploads\/2025\/01\/logo_mun_guarda.jpg","width":1181,"height":1181,"caption":"Munic\u00edpio da Guarda"},"image":{"@id":"https:\/\/www.visitguarda.pt\/#\/schema\/logo\/image\/"},"sameAs":["https:\/\/fb.com\/MunicipioDaGuarda","https:\/\/www.instagram.com\/municipiodaguarda"]}]}},"_links":{"self":[{"href":"https:\/\/www.visitguarda.pt\/fr\/wp-json\/wp\/v2\/ponto_de_interesse\/10108","targetHints":{"allow":["GET"]}}],"collection":[{"href":"https:\/\/www.visitguarda.pt\/fr\/wp-json\/wp\/v2\/ponto_de_interesse"}],"about":[{"href":"https:\/\/www.visitguarda.pt\/fr\/wp-json\/wp\/v2\/types\/ponto_de_interesse"}],"wp:attachment":[{"href":"https:\/\/www.visitguarda.pt\/fr\/wp-json\/wp\/v2\/media?parent=10108"}],"wp:term":[{"taxonomy":"categoria_ponto_interesse","embeddable":true,"href":"https:\/\/www.visitguarda.pt\/fr\/wp-json\/wp\/v2\/categoria_ponto_interesse?post=10108"},{"taxonomy":"duracao","embeddable":true,"href":"https:\/\/www.visitguarda.pt\/fr\/wp-json\/wp\/v2\/duracao?post=10108"},{"taxonomy":"estacao_do_ano","embeddable":true,"href":"https:\/\/www.visitguarda.pt\/fr\/wp-json\/wp\/v2\/estacao_do_ano?post=10108"},{"taxonomy":"grupo_de_viagem","embeddable":true,"href":"https:\/\/www.visitguarda.pt\/fr\/wp-json\/wp\/v2\/grupo_de_viagem?post=10108"},{"taxonomy":"tipo_de_experiencia","embeddable":true,"href":"https:\/\/www.visitguarda.pt\/fr\/wp-json\/wp\/v2\/tipo_de_experiencia?post=10108"}],"curies":[{"name":"wp","href":"https:\/\/api.w.org\/{rel}","templated":true}]}}