{"id":10196,"date":"2024-05-28T16:58:06","date_gmt":"2024-05-28T16:58:06","guid":{"rendered":"https:\/\/visitguarda.dev.loba.com\/ponto_de_interesse\/roteiro-literario-vergiliano\/"},"modified":"2026-03-12T13:01:48","modified_gmt":"2026-03-12T13:01:48","slug":"roteiro-literario-vergiliano","status":"publish","type":"ponto_de_interesse","link":"https:\/\/www.visitguarda.pt\/fr\/ponto_de_interesse\/roteiro-literario-vergiliano\/","title":{"rendered":"Circuit Litt\u00e9raire Vergilien"},"content":{"rendered":"<p>Verg\u00edlio Ant\u00f3nio Ferreira d&rsquo;Oliveira (1916 &#8211; 1996) est n\u00e9 \u00e0 Melo, un village de la municipalit\u00e9 de Gouveia. L&rsquo;\u0153uvre de Verg\u00edlio, vaste et dispers\u00e9e en termes de taille et de g\u00e9nie, offre un large \u00e9ventail de contributions qui favorisent une analyse exhaustive. Tant \u00ab\u00a0Manh\u00e3 Submersa\u00a0\u00bb que \u00ab\u00a0\u00c9toile Polaire\u00a0\u00bb r\u00e9v\u00e8lent une Penalva (Guarda) accueillante et r\u00e9demptrice pour le n\u00e9ophyte, avec une prise de conscience croissante de la finitude de la vie face aux situations limites ultimes. \u00a0\u00bb Pour toujours \u00a0\u00bb sera donc la recherche \u00e9ternelle du mot compr\u00e9hensible du sens de l&rsquo;existence humaine, qui est atteint par l&rsquo;art dans \u00a0\u00bb Ton Visage \u00a0\u00bb et expliqu\u00e9 par la contemplation, dans ce cas, de l&rsquo;imposante cath\u00e9drale de Guarda. Cet itin\u00e9raire culmine avec \u00a0\u00bb Lettres \u00e0 Sandra \u00ab\u00a0, l&rsquo;\u0153uvre finale de Vergil, dans laquelle la catharsis d&rsquo;un amour in\u00e9puisable apaise \u00e9galement le sujet.&nbsp;Ce parcours identifie 16 lieux de la ville de Guarda o\u00f9 se trouvent les \u0153uvres : Bois de la Vieille Ville, Ancien Lyc\u00e9e National, Donjon, Place Lu\u00eds de Cam\u00f5es, Rue de la Tour, Rue 31 de Janeiro, Rue Direita, Rue Rui de Pina, Place de la Mis\u00e9ricorde, Rue Alves Ro\u00e7adas, Rue Marqu\u00eas de Pombal, Mus\u00e9e de Guarda (ancienne prison), Ancien Couvent de S. Francisco (ancienne Caserne), le jardin du Dr Lopo de Carvalho, le point de vue, l&rsquo;Unit\u00e9 de Sant\u00e9 Locale (ancien sanatorium de Sousa Martins) et la gare.Plus d&rsquo;informations: mun-guarda.pt\/municipio\/governacao\/turismo\/rotas-trilhos\/<\/p>\n","protected":false},"featured_media":0,"template":"","meta":{"_acf_changed":false},"categoria_ponto_interesse":[313],"duracao":[],"estacao_do_ano":[],"grupo_de_viagem":[],"tipo_de_experiencia":[268,310],"class_list":["post-10196","ponto_de_interesse","type-ponto_de_interesse","status-publish","hentry","categoria_ponto_interesse-itineraires-litteraires","tipo_de_experiencia-culture-fr","tipo_de_experiencia-itineraires"],"acf":[],"yoast_head":"<!-- This site is optimized with the Yoast SEO plugin v25.1 - https:\/\/yoast.com\/wordpress\/plugins\/seo\/ -->\n<title>Circuit Litt\u00e9raire Vergilien - VisitGuarda<\/title>\n<meta name=\"robots\" content=\"index, follow, max-snippet:-1, max-image-preview:large, max-video-preview:-1\" \/>\n<link rel=\"canonical\" href=\"https:\/\/www.visitguarda.pt\/ponto_de_interesse\/roteiro-literario-vergiliano\/\" \/>\n<meta property=\"og:locale\" content=\"fr_FR\" \/>\n<meta property=\"og:type\" content=\"article\" \/>\n<meta property=\"og:title\" content=\"Circuit Litt\u00e9raire Vergilien - VisitGuarda\" \/>\n<meta property=\"og:description\" content=\"Verg\u00edlio Ant\u00f3nio Ferreira d&rsquo;Oliveira (1916 &#8211; 1996) est n\u00e9 \u00e0 Melo, un village de la municipalit\u00e9 de Gouveia. L&rsquo;\u0153uvre de Verg\u00edlio, vaste et dispers\u00e9e en termes de taille et de g\u00e9nie, offre un large \u00e9ventail de contributions qui favorisent une analyse exhaustive. Tant \u00ab\u00a0Manh\u00e3 Submersa\u00a0\u00bb que \u00ab\u00a0\u00c9toile Polaire\u00a0\u00bb r\u00e9v\u00e8lent une Penalva (Guarda) accueillante et r\u00e9demptrice [&hellip;]\" \/>\n<meta property=\"og:url\" content=\"https:\/\/www.visitguarda.pt\/ponto_de_interesse\/roteiro-literario-vergiliano\/\" \/>\n<meta property=\"og:site_name\" content=\"VisitGuarda\" \/>\n<meta property=\"article:publisher\" content=\"https:\/\/fb.com\/MunicipioDaGuarda\" \/>\n<meta property=\"article:modified_time\" content=\"2026-03-12T13:01:48+00:00\" \/>\n<meta name=\"twitter:card\" content=\"summary_large_image\" \/>\n<meta name=\"twitter:label1\" content=\"Dur\u00e9e de lecture estim\u00e9e\" \/>\n\t<meta name=\"twitter:data1\" content=\"1 minute\" \/>\n<script type=\"application\/ld+json\" class=\"yoast-schema-graph\">{\"@context\":\"https:\/\/schema.org\",\"@graph\":[{\"@type\":\"WebPage\",\"@id\":\"https:\/\/www.visitguarda.pt\/ponto_de_interesse\/roteiro-literario-vergiliano\/\",\"url\":\"https:\/\/www.visitguarda.pt\/ponto_de_interesse\/roteiro-literario-vergiliano\/\",\"name\":\"Circuit Litt\u00e9raire Vergilien - VisitGuarda\",\"isPartOf\":{\"@id\":\"https:\/\/www.visitguarda.pt\/#website\"},\"datePublished\":\"2024-05-28T16:58:06+00:00\",\"dateModified\":\"2026-03-12T13:01:48+00:00\",\"breadcrumb\":{\"@id\":\"https:\/\/www.visitguarda.pt\/ponto_de_interesse\/roteiro-literario-vergiliano\/#breadcrumb\"},\"inLanguage\":\"fr-FR\",\"potentialAction\":[{\"@type\":\"ReadAction\",\"target\":[\"https:\/\/www.visitguarda.pt\/ponto_de_interesse\/roteiro-literario-vergiliano\/\"]}]},{\"@type\":\"BreadcrumbList\",\"@id\":\"https:\/\/www.visitguarda.pt\/ponto_de_interesse\/roteiro-literario-vergiliano\/#breadcrumb\",\"itemListElement\":[{\"@type\":\"ListItem\",\"position\":1,\"name\":\"In\u00edcio\",\"item\":\"https:\/\/www.visitguarda.pt\/fr\/\"},{\"@type\":\"ListItem\",\"position\":2,\"name\":\"Circuit Litt\u00e9raire Vergilien\"}]},{\"@type\":\"WebSite\",\"@id\":\"https:\/\/www.visitguarda.pt\/#website\",\"url\":\"https:\/\/www.visitguarda.pt\/\",\"name\":\"VisitGuarda\",\"description\":\"\",\"publisher\":{\"@id\":\"https:\/\/www.visitguarda.pt\/#organization\"},\"potentialAction\":[{\"@type\":\"SearchAction\",\"target\":{\"@type\":\"EntryPoint\",\"urlTemplate\":\"https:\/\/www.visitguarda.pt\/?s={search_term_string}\"},\"query-input\":{\"@type\":\"PropertyValueSpecification\",\"valueRequired\":true,\"valueName\":\"search_term_string\"}}],\"inLanguage\":\"fr-FR\"},{\"@type\":\"Organization\",\"@id\":\"https:\/\/www.visitguarda.pt\/#organization\",\"name\":\"Munic\u00edpio da Guarda\",\"url\":\"https:\/\/www.visitguarda.pt\/\",\"logo\":{\"@type\":\"ImageObject\",\"inLanguage\":\"fr-FR\",\"@id\":\"https:\/\/www.visitguarda.pt\/#\/schema\/logo\/image\/\",\"url\":\"https:\/\/www.visitguarda.pt\/wp-content\/uploads\/2025\/01\/logo_mun_guarda.jpg\",\"contentUrl\":\"https:\/\/www.visitguarda.pt\/wp-content\/uploads\/2025\/01\/logo_mun_guarda.jpg\",\"width\":1181,\"height\":1181,\"caption\":\"Munic\u00edpio da Guarda\"},\"image\":{\"@id\":\"https:\/\/www.visitguarda.pt\/#\/schema\/logo\/image\/\"},\"sameAs\":[\"https:\/\/fb.com\/MunicipioDaGuarda\",\"https:\/\/www.instagram.com\/municipiodaguarda\"]}]}<\/script>\n<!-- \/ Yoast SEO plugin. -->","yoast_head_json":{"title":"Circuit Litt\u00e9raire Vergilien - VisitGuarda","robots":{"index":"index","follow":"follow","max-snippet":"max-snippet:-1","max-image-preview":"max-image-preview:large","max-video-preview":"max-video-preview:-1"},"canonical":"https:\/\/www.visitguarda.pt\/ponto_de_interesse\/roteiro-literario-vergiliano\/","og_locale":"fr_FR","og_type":"article","og_title":"Circuit Litt\u00e9raire Vergilien - VisitGuarda","og_description":"Verg\u00edlio Ant\u00f3nio Ferreira d&rsquo;Oliveira (1916 &#8211; 1996) est n\u00e9 \u00e0 Melo, un village de la municipalit\u00e9 de Gouveia. L&rsquo;\u0153uvre de Verg\u00edlio, vaste et dispers\u00e9e en termes de taille et de g\u00e9nie, offre un large \u00e9ventail de contributions qui favorisent une analyse exhaustive. Tant \u00ab\u00a0Manh\u00e3 Submersa\u00a0\u00bb que \u00ab\u00a0\u00c9toile Polaire\u00a0\u00bb r\u00e9v\u00e8lent une Penalva (Guarda) accueillante et r\u00e9demptrice [&hellip;]","og_url":"https:\/\/www.visitguarda.pt\/ponto_de_interesse\/roteiro-literario-vergiliano\/","og_site_name":"VisitGuarda","article_publisher":"https:\/\/fb.com\/MunicipioDaGuarda","article_modified_time":"2026-03-12T13:01:48+00:00","twitter_card":"summary_large_image","twitter_misc":{"Dur\u00e9e de lecture estim\u00e9e":"1 minute"},"schema":{"@context":"https:\/\/schema.org","@graph":[{"@type":"WebPage","@id":"https:\/\/www.visitguarda.pt\/ponto_de_interesse\/roteiro-literario-vergiliano\/","url":"https:\/\/www.visitguarda.pt\/ponto_de_interesse\/roteiro-literario-vergiliano\/","name":"Circuit Litt\u00e9raire Vergilien - VisitGuarda","isPartOf":{"@id":"https:\/\/www.visitguarda.pt\/#website"},"datePublished":"2024-05-28T16:58:06+00:00","dateModified":"2026-03-12T13:01:48+00:00","breadcrumb":{"@id":"https:\/\/www.visitguarda.pt\/ponto_de_interesse\/roteiro-literario-vergiliano\/#breadcrumb"},"inLanguage":"fr-FR","potentialAction":[{"@type":"ReadAction","target":["https:\/\/www.visitguarda.pt\/ponto_de_interesse\/roteiro-literario-vergiliano\/"]}]},{"@type":"BreadcrumbList","@id":"https:\/\/www.visitguarda.pt\/ponto_de_interesse\/roteiro-literario-vergiliano\/#breadcrumb","itemListElement":[{"@type":"ListItem","position":1,"name":"In\u00edcio","item":"https:\/\/www.visitguarda.pt\/fr\/"},{"@type":"ListItem","position":2,"name":"Circuit Litt\u00e9raire Vergilien"}]},{"@type":"WebSite","@id":"https:\/\/www.visitguarda.pt\/#website","url":"https:\/\/www.visitguarda.pt\/","name":"VisitGuarda","description":"","publisher":{"@id":"https:\/\/www.visitguarda.pt\/#organization"},"potentialAction":[{"@type":"SearchAction","target":{"@type":"EntryPoint","urlTemplate":"https:\/\/www.visitguarda.pt\/?s={search_term_string}"},"query-input":{"@type":"PropertyValueSpecification","valueRequired":true,"valueName":"search_term_string"}}],"inLanguage":"fr-FR"},{"@type":"Organization","@id":"https:\/\/www.visitguarda.pt\/#organization","name":"Munic\u00edpio da Guarda","url":"https:\/\/www.visitguarda.pt\/","logo":{"@type":"ImageObject","inLanguage":"fr-FR","@id":"https:\/\/www.visitguarda.pt\/#\/schema\/logo\/image\/","url":"https:\/\/www.visitguarda.pt\/wp-content\/uploads\/2025\/01\/logo_mun_guarda.jpg","contentUrl":"https:\/\/www.visitguarda.pt\/wp-content\/uploads\/2025\/01\/logo_mun_guarda.jpg","width":1181,"height":1181,"caption":"Munic\u00edpio da Guarda"},"image":{"@id":"https:\/\/www.visitguarda.pt\/#\/schema\/logo\/image\/"},"sameAs":["https:\/\/fb.com\/MunicipioDaGuarda","https:\/\/www.instagram.com\/municipiodaguarda"]}]}},"_links":{"self":[{"href":"https:\/\/www.visitguarda.pt\/fr\/wp-json\/wp\/v2\/ponto_de_interesse\/10196","targetHints":{"allow":["GET"]}}],"collection":[{"href":"https:\/\/www.visitguarda.pt\/fr\/wp-json\/wp\/v2\/ponto_de_interesse"}],"about":[{"href":"https:\/\/www.visitguarda.pt\/fr\/wp-json\/wp\/v2\/types\/ponto_de_interesse"}],"wp:attachment":[{"href":"https:\/\/www.visitguarda.pt\/fr\/wp-json\/wp\/v2\/media?parent=10196"}],"wp:term":[{"taxonomy":"categoria_ponto_interesse","embeddable":true,"href":"https:\/\/www.visitguarda.pt\/fr\/wp-json\/wp\/v2\/categoria_ponto_interesse?post=10196"},{"taxonomy":"duracao","embeddable":true,"href":"https:\/\/www.visitguarda.pt\/fr\/wp-json\/wp\/v2\/duracao?post=10196"},{"taxonomy":"estacao_do_ano","embeddable":true,"href":"https:\/\/www.visitguarda.pt\/fr\/wp-json\/wp\/v2\/estacao_do_ano?post=10196"},{"taxonomy":"grupo_de_viagem","embeddable":true,"href":"https:\/\/www.visitguarda.pt\/fr\/wp-json\/wp\/v2\/grupo_de_viagem?post=10196"},{"taxonomy":"tipo_de_experiencia","embeddable":true,"href":"https:\/\/www.visitguarda.pt\/fr\/wp-json\/wp\/v2\/tipo_de_experiencia?post=10196"}],"curies":[{"name":"wp","href":"https:\/\/api.w.org\/{rel}","templated":true}]}}