{"id":10200,"date":"2024-05-28T16:58:07","date_gmt":"2024-05-28T16:58:07","guid":{"rendered":"https:\/\/visitguarda.dev.loba.com\/ponto_de_interesse\/roteiro-literario-unamuniano\/"},"modified":"2026-03-12T13:01:51","modified_gmt":"2026-03-12T13:01:51","slug":"roteiro-literario-unamuniano","status":"publish","type":"ponto_de_interesse","link":"https:\/\/www.visitguarda.pt\/fr\/ponto_de_interesse\/roteiro-literario-unamuniano\/","title":{"rendered":"Circuit Litt\u00e9raire d&rsquo;Unamuno"},"content":{"rendered":"<p>Miguel de Unamuno y Jugo (1864 &#8211; 1936), essayiste, romancier, dramaturge, po\u00e8te et philosophe espagnol, est n\u00e9 dans la ville basque de Bilbao. Son \u0153uvre artistique comprend les romans Paz en la guerra (1897), qui traite des guerres carlistes, Niebla (1914), dans lequel abondent les \u00e9l\u00e9ments autobiographiques, Abel S\u00e1nchez (1917), \u00ab\u00a0La t\u00eda Tula\u00a0\u00bb (1921) et San Manuel Bueno, M\u00e1rtir (1931). Il convient \u00e9galement de mentionner ses recueils de po\u00e8mes Rosario de sonetos l\u00edricos (1911) et El Cristo de Vel\u00e1zquez (1920). Il a \u00e9galement cultiv\u00e9 la litt\u00e9rature de voyage, Por terras de Portugal y Espa\u00f1a (1911), et le th\u00e9\u00e2tre, Fedra.Cet itin\u00e9raire identifie 16 lieux de la ville de Guarda avec les \u0153uvres : Hotel Santos, Tour des Forgerons, Cath\u00e9drale de Guarda, Porte du Soleil, \u00c9glise de la Mis\u00e9ricorde, \u00c9cole Augusto Gil (Ancien Lyc\u00e9e National), Couvent de S\u00e3o Francisco (Ancien R\u00e9giment d&rsquo;Infanterie 12), Gare Ferroviaire.&nbsp;Plus d&rsquo;informations : mun-guarda.pt\/municipio\/governacao\/turismo\/rotas-trilhos\/<\/p>\n","protected":false},"featured_media":0,"template":"","meta":{"_acf_changed":false},"categoria_ponto_interesse":[313],"duracao":[],"estacao_do_ano":[],"grupo_de_viagem":[],"tipo_de_experiencia":[268,310],"class_list":["post-10200","ponto_de_interesse","type-ponto_de_interesse","status-publish","hentry","categoria_ponto_interesse-itineraires-litteraires","tipo_de_experiencia-culture-fr","tipo_de_experiencia-itineraires"],"acf":[],"yoast_head":"<!-- This site is optimized with the Yoast SEO plugin v25.1 - https:\/\/yoast.com\/wordpress\/plugins\/seo\/ -->\n<title>Circuit Litt\u00e9raire d&#039;Unamuno - VisitGuarda<\/title>\n<meta name=\"robots\" content=\"index, follow, max-snippet:-1, max-image-preview:large, max-video-preview:-1\" \/>\n<link rel=\"canonical\" href=\"https:\/\/www.visitguarda.pt\/ponto_de_interesse\/roteiro-literario-unamuniano\/\" \/>\n<meta property=\"og:locale\" content=\"fr_FR\" \/>\n<meta property=\"og:type\" content=\"article\" \/>\n<meta property=\"og:title\" content=\"Circuit Litt\u00e9raire d&#039;Unamuno - VisitGuarda\" \/>\n<meta property=\"og:description\" content=\"Miguel de Unamuno y Jugo (1864 &#8211; 1936), essayiste, romancier, dramaturge, po\u00e8te et philosophe espagnol, est n\u00e9 dans la ville basque de Bilbao. Son \u0153uvre artistique comprend les romans Paz en la guerra (1897), qui traite des guerres carlistes, Niebla (1914), dans lequel abondent les \u00e9l\u00e9ments autobiographiques, Abel S\u00e1nchez (1917), \u00ab\u00a0La t\u00eda Tula\u00a0\u00bb (1921) et [&hellip;]\" \/>\n<meta property=\"og:url\" content=\"https:\/\/www.visitguarda.pt\/ponto_de_interesse\/roteiro-literario-unamuniano\/\" \/>\n<meta property=\"og:site_name\" content=\"VisitGuarda\" \/>\n<meta property=\"article:publisher\" content=\"https:\/\/fb.com\/MunicipioDaGuarda\" \/>\n<meta property=\"article:modified_time\" content=\"2026-03-12T13:01:51+00:00\" \/>\n<meta name=\"twitter:card\" content=\"summary_large_image\" \/>\n<meta name=\"twitter:label1\" content=\"Dur\u00e9e de lecture estim\u00e9e\" \/>\n\t<meta name=\"twitter:data1\" content=\"1 minute\" \/>\n<script type=\"application\/ld+json\" class=\"yoast-schema-graph\">{\"@context\":\"https:\/\/schema.org\",\"@graph\":[{\"@type\":\"WebPage\",\"@id\":\"https:\/\/www.visitguarda.pt\/ponto_de_interesse\/roteiro-literario-unamuniano\/\",\"url\":\"https:\/\/www.visitguarda.pt\/ponto_de_interesse\/roteiro-literario-unamuniano\/\",\"name\":\"Circuit Litt\u00e9raire d'Unamuno - VisitGuarda\",\"isPartOf\":{\"@id\":\"https:\/\/www.visitguarda.pt\/#website\"},\"datePublished\":\"2024-05-28T16:58:07+00:00\",\"dateModified\":\"2026-03-12T13:01:51+00:00\",\"breadcrumb\":{\"@id\":\"https:\/\/www.visitguarda.pt\/ponto_de_interesse\/roteiro-literario-unamuniano\/#breadcrumb\"},\"inLanguage\":\"fr-FR\",\"potentialAction\":[{\"@type\":\"ReadAction\",\"target\":[\"https:\/\/www.visitguarda.pt\/ponto_de_interesse\/roteiro-literario-unamuniano\/\"]}]},{\"@type\":\"BreadcrumbList\",\"@id\":\"https:\/\/www.visitguarda.pt\/ponto_de_interesse\/roteiro-literario-unamuniano\/#breadcrumb\",\"itemListElement\":[{\"@type\":\"ListItem\",\"position\":1,\"name\":\"In\u00edcio\",\"item\":\"https:\/\/www.visitguarda.pt\/fr\/\"},{\"@type\":\"ListItem\",\"position\":2,\"name\":\"Circuit Litt\u00e9raire d&#8217;Unamuno\"}]},{\"@type\":\"WebSite\",\"@id\":\"https:\/\/www.visitguarda.pt\/#website\",\"url\":\"https:\/\/www.visitguarda.pt\/\",\"name\":\"VisitGuarda\",\"description\":\"\",\"publisher\":{\"@id\":\"https:\/\/www.visitguarda.pt\/#organization\"},\"potentialAction\":[{\"@type\":\"SearchAction\",\"target\":{\"@type\":\"EntryPoint\",\"urlTemplate\":\"https:\/\/www.visitguarda.pt\/?s={search_term_string}\"},\"query-input\":{\"@type\":\"PropertyValueSpecification\",\"valueRequired\":true,\"valueName\":\"search_term_string\"}}],\"inLanguage\":\"fr-FR\"},{\"@type\":\"Organization\",\"@id\":\"https:\/\/www.visitguarda.pt\/#organization\",\"name\":\"Munic\u00edpio da Guarda\",\"url\":\"https:\/\/www.visitguarda.pt\/\",\"logo\":{\"@type\":\"ImageObject\",\"inLanguage\":\"fr-FR\",\"@id\":\"https:\/\/www.visitguarda.pt\/#\/schema\/logo\/image\/\",\"url\":\"https:\/\/www.visitguarda.pt\/wp-content\/uploads\/2025\/01\/logo_mun_guarda.jpg\",\"contentUrl\":\"https:\/\/www.visitguarda.pt\/wp-content\/uploads\/2025\/01\/logo_mun_guarda.jpg\",\"width\":1181,\"height\":1181,\"caption\":\"Munic\u00edpio da Guarda\"},\"image\":{\"@id\":\"https:\/\/www.visitguarda.pt\/#\/schema\/logo\/image\/\"},\"sameAs\":[\"https:\/\/fb.com\/MunicipioDaGuarda\",\"https:\/\/www.instagram.com\/municipiodaguarda\"]}]}<\/script>\n<!-- \/ Yoast SEO plugin. -->","yoast_head_json":{"title":"Circuit Litt\u00e9raire d'Unamuno - VisitGuarda","robots":{"index":"index","follow":"follow","max-snippet":"max-snippet:-1","max-image-preview":"max-image-preview:large","max-video-preview":"max-video-preview:-1"},"canonical":"https:\/\/www.visitguarda.pt\/ponto_de_interesse\/roteiro-literario-unamuniano\/","og_locale":"fr_FR","og_type":"article","og_title":"Circuit Litt\u00e9raire d'Unamuno - VisitGuarda","og_description":"Miguel de Unamuno y Jugo (1864 &#8211; 1936), essayiste, romancier, dramaturge, po\u00e8te et philosophe espagnol, est n\u00e9 dans la ville basque de Bilbao. Son \u0153uvre artistique comprend les romans Paz en la guerra (1897), qui traite des guerres carlistes, Niebla (1914), dans lequel abondent les \u00e9l\u00e9ments autobiographiques, Abel S\u00e1nchez (1917), \u00ab\u00a0La t\u00eda Tula\u00a0\u00bb (1921) et [&hellip;]","og_url":"https:\/\/www.visitguarda.pt\/ponto_de_interesse\/roteiro-literario-unamuniano\/","og_site_name":"VisitGuarda","article_publisher":"https:\/\/fb.com\/MunicipioDaGuarda","article_modified_time":"2026-03-12T13:01:51+00:00","twitter_card":"summary_large_image","twitter_misc":{"Dur\u00e9e de lecture estim\u00e9e":"1 minute"},"schema":{"@context":"https:\/\/schema.org","@graph":[{"@type":"WebPage","@id":"https:\/\/www.visitguarda.pt\/ponto_de_interesse\/roteiro-literario-unamuniano\/","url":"https:\/\/www.visitguarda.pt\/ponto_de_interesse\/roteiro-literario-unamuniano\/","name":"Circuit Litt\u00e9raire d'Unamuno - VisitGuarda","isPartOf":{"@id":"https:\/\/www.visitguarda.pt\/#website"},"datePublished":"2024-05-28T16:58:07+00:00","dateModified":"2026-03-12T13:01:51+00:00","breadcrumb":{"@id":"https:\/\/www.visitguarda.pt\/ponto_de_interesse\/roteiro-literario-unamuniano\/#breadcrumb"},"inLanguage":"fr-FR","potentialAction":[{"@type":"ReadAction","target":["https:\/\/www.visitguarda.pt\/ponto_de_interesse\/roteiro-literario-unamuniano\/"]}]},{"@type":"BreadcrumbList","@id":"https:\/\/www.visitguarda.pt\/ponto_de_interesse\/roteiro-literario-unamuniano\/#breadcrumb","itemListElement":[{"@type":"ListItem","position":1,"name":"In\u00edcio","item":"https:\/\/www.visitguarda.pt\/fr\/"},{"@type":"ListItem","position":2,"name":"Circuit Litt\u00e9raire d&#8217;Unamuno"}]},{"@type":"WebSite","@id":"https:\/\/www.visitguarda.pt\/#website","url":"https:\/\/www.visitguarda.pt\/","name":"VisitGuarda","description":"","publisher":{"@id":"https:\/\/www.visitguarda.pt\/#organization"},"potentialAction":[{"@type":"SearchAction","target":{"@type":"EntryPoint","urlTemplate":"https:\/\/www.visitguarda.pt\/?s={search_term_string}"},"query-input":{"@type":"PropertyValueSpecification","valueRequired":true,"valueName":"search_term_string"}}],"inLanguage":"fr-FR"},{"@type":"Organization","@id":"https:\/\/www.visitguarda.pt\/#organization","name":"Munic\u00edpio da Guarda","url":"https:\/\/www.visitguarda.pt\/","logo":{"@type":"ImageObject","inLanguage":"fr-FR","@id":"https:\/\/www.visitguarda.pt\/#\/schema\/logo\/image\/","url":"https:\/\/www.visitguarda.pt\/wp-content\/uploads\/2025\/01\/logo_mun_guarda.jpg","contentUrl":"https:\/\/www.visitguarda.pt\/wp-content\/uploads\/2025\/01\/logo_mun_guarda.jpg","width":1181,"height":1181,"caption":"Munic\u00edpio da Guarda"},"image":{"@id":"https:\/\/www.visitguarda.pt\/#\/schema\/logo\/image\/"},"sameAs":["https:\/\/fb.com\/MunicipioDaGuarda","https:\/\/www.instagram.com\/municipiodaguarda"]}]}},"_links":{"self":[{"href":"https:\/\/www.visitguarda.pt\/fr\/wp-json\/wp\/v2\/ponto_de_interesse\/10200","targetHints":{"allow":["GET"]}}],"collection":[{"href":"https:\/\/www.visitguarda.pt\/fr\/wp-json\/wp\/v2\/ponto_de_interesse"}],"about":[{"href":"https:\/\/www.visitguarda.pt\/fr\/wp-json\/wp\/v2\/types\/ponto_de_interesse"}],"wp:attachment":[{"href":"https:\/\/www.visitguarda.pt\/fr\/wp-json\/wp\/v2\/media?parent=10200"}],"wp:term":[{"taxonomy":"categoria_ponto_interesse","embeddable":true,"href":"https:\/\/www.visitguarda.pt\/fr\/wp-json\/wp\/v2\/categoria_ponto_interesse?post=10200"},{"taxonomy":"duracao","embeddable":true,"href":"https:\/\/www.visitguarda.pt\/fr\/wp-json\/wp\/v2\/duracao?post=10200"},{"taxonomy":"estacao_do_ano","embeddable":true,"href":"https:\/\/www.visitguarda.pt\/fr\/wp-json\/wp\/v2\/estacao_do_ano?post=10200"},{"taxonomy":"grupo_de_viagem","embeddable":true,"href":"https:\/\/www.visitguarda.pt\/fr\/wp-json\/wp\/v2\/grupo_de_viagem?post=10200"},{"taxonomy":"tipo_de_experiencia","embeddable":true,"href":"https:\/\/www.visitguarda.pt\/fr\/wp-json\/wp\/v2\/tipo_de_experiencia?post=10200"}],"curies":[{"name":"wp","href":"https:\/\/api.w.org\/{rel}","templated":true}]}}