{"id":11039,"date":"2024-05-29T15:27:49","date_gmt":"2024-05-29T15:27:49","guid":{"rendered":"https:\/\/visitguarda.dev.loba.com\/ponto_de_interesse\/quinta-do-quinto\/"},"modified":"2026-03-12T13:09:58","modified_gmt":"2026-03-12T13:09:58","slug":"quinta-do-quinto","status":"publish","type":"ponto_de_interesse","link":"https:\/\/www.visitguarda.pt\/fr\/ponto_de_interesse\/quinta-do-quinto\/","title":{"rendered":"Quinta do Quinto"},"content":{"rendered":"<p>Notre manoir du XVIIe si\u00e8cle, datant de 1696, qui \u00e9tait autrefois une ferme, a \u00e9t\u00e9 enti\u00e8rement restaur\u00e9 pour vous offrir un s\u00e9jour confortable et unique. Il offre des espaces ext\u00e9rieurs avec vue sur la vall\u00e9e de Mondego, une piscine avec terrasse, une plage priv\u00e9e sur la rivi\u00e8re, une piscine chauff\u00e9e et 20 hectares pour des activit\u00e9s telles que la marche, la course \u00e0 pied et le volley-ball. Les jardins avec des bosquets mixtes sont id\u00e9aux pour le yoga, la m\u00e9ditation et les repas en plein air. Il y a trois piscines : piscine chauff\u00e9e \/ piscine avec vue \/ piscine naturelle.<\/p>\n","protected":false},"featured_media":0,"template":"","meta":{"_acf_changed":false},"categoria_ponto_interesse":[337],"duracao":[],"estacao_do_ano":[],"grupo_de_viagem":[],"tipo_de_experiencia":[],"class_list":["post-11039","ponto_de_interesse","type-ponto_de_interesse","status-publish","hentry","categoria_ponto_interesse-hebergement-local"],"acf":[],"yoast_head":"<!-- This site is optimized with the Yoast SEO plugin v25.1 - https:\/\/yoast.com\/wordpress\/plugins\/seo\/ -->\n<title>Quinta do Quinto - VisitGuarda<\/title>\n<meta name=\"robots\" content=\"index, follow, max-snippet:-1, max-image-preview:large, max-video-preview:-1\" \/>\n<link rel=\"canonical\" href=\"https:\/\/www.visitguarda.pt\/ponto_de_interesse\/quinta-do-quinto\/\" \/>\n<meta property=\"og:locale\" content=\"fr_FR\" \/>\n<meta property=\"og:type\" content=\"article\" \/>\n<meta property=\"og:title\" content=\"Quinta do Quinto - VisitGuarda\" \/>\n<meta property=\"og:description\" content=\"Notre manoir du XVIIe si\u00e8cle, datant de 1696, qui \u00e9tait autrefois une ferme, a \u00e9t\u00e9 enti\u00e8rement restaur\u00e9 pour vous offrir un s\u00e9jour confortable et unique. Il offre des espaces ext\u00e9rieurs avec vue sur la vall\u00e9e de Mondego, une piscine avec terrasse, une plage priv\u00e9e sur la rivi\u00e8re, une piscine chauff\u00e9e et 20 hectares pour des [&hellip;]\" \/>\n<meta property=\"og:url\" content=\"https:\/\/www.visitguarda.pt\/ponto_de_interesse\/quinta-do-quinto\/\" \/>\n<meta property=\"og:site_name\" content=\"VisitGuarda\" \/>\n<meta property=\"article:publisher\" content=\"https:\/\/fb.com\/MunicipioDaGuarda\" \/>\n<meta property=\"article:modified_time\" content=\"2026-03-12T13:09:58+00:00\" \/>\n<meta name=\"twitter:card\" content=\"summary_large_image\" \/>\n<meta name=\"twitter:label1\" content=\"Dur\u00e9e de lecture estim\u00e9e\" \/>\n\t<meta name=\"twitter:data1\" content=\"1 minute\" \/>\n<script type=\"application\/ld+json\" class=\"yoast-schema-graph\">{\"@context\":\"https:\/\/schema.org\",\"@graph\":[{\"@type\":\"WebPage\",\"@id\":\"https:\/\/www.visitguarda.pt\/ponto_de_interesse\/quinta-do-quinto\/\",\"url\":\"https:\/\/www.visitguarda.pt\/ponto_de_interesse\/quinta-do-quinto\/\",\"name\":\"Quinta do Quinto - VisitGuarda\",\"isPartOf\":{\"@id\":\"https:\/\/www.visitguarda.pt\/#website\"},\"datePublished\":\"2024-05-29T15:27:49+00:00\",\"dateModified\":\"2026-03-12T13:09:58+00:00\",\"breadcrumb\":{\"@id\":\"https:\/\/www.visitguarda.pt\/ponto_de_interesse\/quinta-do-quinto\/#breadcrumb\"},\"inLanguage\":\"fr-FR\",\"potentialAction\":[{\"@type\":\"ReadAction\",\"target\":[\"https:\/\/www.visitguarda.pt\/ponto_de_interesse\/quinta-do-quinto\/\"]}]},{\"@type\":\"BreadcrumbList\",\"@id\":\"https:\/\/www.visitguarda.pt\/ponto_de_interesse\/quinta-do-quinto\/#breadcrumb\",\"itemListElement\":[{\"@type\":\"ListItem\",\"position\":1,\"name\":\"In\u00edcio\",\"item\":\"https:\/\/www.visitguarda.pt\/fr\/\"},{\"@type\":\"ListItem\",\"position\":2,\"name\":\"Quinta do Quinto\"}]},{\"@type\":\"WebSite\",\"@id\":\"https:\/\/www.visitguarda.pt\/#website\",\"url\":\"https:\/\/www.visitguarda.pt\/\",\"name\":\"VisitGuarda\",\"description\":\"\",\"publisher\":{\"@id\":\"https:\/\/www.visitguarda.pt\/#organization\"},\"potentialAction\":[{\"@type\":\"SearchAction\",\"target\":{\"@type\":\"EntryPoint\",\"urlTemplate\":\"https:\/\/www.visitguarda.pt\/?s={search_term_string}\"},\"query-input\":{\"@type\":\"PropertyValueSpecification\",\"valueRequired\":true,\"valueName\":\"search_term_string\"}}],\"inLanguage\":\"fr-FR\"},{\"@type\":\"Organization\",\"@id\":\"https:\/\/www.visitguarda.pt\/#organization\",\"name\":\"Munic\u00edpio da Guarda\",\"url\":\"https:\/\/www.visitguarda.pt\/\",\"logo\":{\"@type\":\"ImageObject\",\"inLanguage\":\"fr-FR\",\"@id\":\"https:\/\/www.visitguarda.pt\/#\/schema\/logo\/image\/\",\"url\":\"https:\/\/www.visitguarda.pt\/wp-content\/uploads\/2025\/01\/logo_mun_guarda.jpg\",\"contentUrl\":\"https:\/\/www.visitguarda.pt\/wp-content\/uploads\/2025\/01\/logo_mun_guarda.jpg\",\"width\":1181,\"height\":1181,\"caption\":\"Munic\u00edpio da Guarda\"},\"image\":{\"@id\":\"https:\/\/www.visitguarda.pt\/#\/schema\/logo\/image\/\"},\"sameAs\":[\"https:\/\/fb.com\/MunicipioDaGuarda\",\"https:\/\/www.instagram.com\/municipiodaguarda\"]}]}<\/script>\n<!-- \/ Yoast SEO plugin. -->","yoast_head_json":{"title":"Quinta do Quinto - VisitGuarda","robots":{"index":"index","follow":"follow","max-snippet":"max-snippet:-1","max-image-preview":"max-image-preview:large","max-video-preview":"max-video-preview:-1"},"canonical":"https:\/\/www.visitguarda.pt\/ponto_de_interesse\/quinta-do-quinto\/","og_locale":"fr_FR","og_type":"article","og_title":"Quinta do Quinto - VisitGuarda","og_description":"Notre manoir du XVIIe si\u00e8cle, datant de 1696, qui \u00e9tait autrefois une ferme, a \u00e9t\u00e9 enti\u00e8rement restaur\u00e9 pour vous offrir un s\u00e9jour confortable et unique. Il offre des espaces ext\u00e9rieurs avec vue sur la vall\u00e9e de Mondego, une piscine avec terrasse, une plage priv\u00e9e sur la rivi\u00e8re, une piscine chauff\u00e9e et 20 hectares pour des [&hellip;]","og_url":"https:\/\/www.visitguarda.pt\/ponto_de_interesse\/quinta-do-quinto\/","og_site_name":"VisitGuarda","article_publisher":"https:\/\/fb.com\/MunicipioDaGuarda","article_modified_time":"2026-03-12T13:09:58+00:00","twitter_card":"summary_large_image","twitter_misc":{"Dur\u00e9e de lecture estim\u00e9e":"1 minute"},"schema":{"@context":"https:\/\/schema.org","@graph":[{"@type":"WebPage","@id":"https:\/\/www.visitguarda.pt\/ponto_de_interesse\/quinta-do-quinto\/","url":"https:\/\/www.visitguarda.pt\/ponto_de_interesse\/quinta-do-quinto\/","name":"Quinta do Quinto - VisitGuarda","isPartOf":{"@id":"https:\/\/www.visitguarda.pt\/#website"},"datePublished":"2024-05-29T15:27:49+00:00","dateModified":"2026-03-12T13:09:58+00:00","breadcrumb":{"@id":"https:\/\/www.visitguarda.pt\/ponto_de_interesse\/quinta-do-quinto\/#breadcrumb"},"inLanguage":"fr-FR","potentialAction":[{"@type":"ReadAction","target":["https:\/\/www.visitguarda.pt\/ponto_de_interesse\/quinta-do-quinto\/"]}]},{"@type":"BreadcrumbList","@id":"https:\/\/www.visitguarda.pt\/ponto_de_interesse\/quinta-do-quinto\/#breadcrumb","itemListElement":[{"@type":"ListItem","position":1,"name":"In\u00edcio","item":"https:\/\/www.visitguarda.pt\/fr\/"},{"@type":"ListItem","position":2,"name":"Quinta do Quinto"}]},{"@type":"WebSite","@id":"https:\/\/www.visitguarda.pt\/#website","url":"https:\/\/www.visitguarda.pt\/","name":"VisitGuarda","description":"","publisher":{"@id":"https:\/\/www.visitguarda.pt\/#organization"},"potentialAction":[{"@type":"SearchAction","target":{"@type":"EntryPoint","urlTemplate":"https:\/\/www.visitguarda.pt\/?s={search_term_string}"},"query-input":{"@type":"PropertyValueSpecification","valueRequired":true,"valueName":"search_term_string"}}],"inLanguage":"fr-FR"},{"@type":"Organization","@id":"https:\/\/www.visitguarda.pt\/#organization","name":"Munic\u00edpio da Guarda","url":"https:\/\/www.visitguarda.pt\/","logo":{"@type":"ImageObject","inLanguage":"fr-FR","@id":"https:\/\/www.visitguarda.pt\/#\/schema\/logo\/image\/","url":"https:\/\/www.visitguarda.pt\/wp-content\/uploads\/2025\/01\/logo_mun_guarda.jpg","contentUrl":"https:\/\/www.visitguarda.pt\/wp-content\/uploads\/2025\/01\/logo_mun_guarda.jpg","width":1181,"height":1181,"caption":"Munic\u00edpio da Guarda"},"image":{"@id":"https:\/\/www.visitguarda.pt\/#\/schema\/logo\/image\/"},"sameAs":["https:\/\/fb.com\/MunicipioDaGuarda","https:\/\/www.instagram.com\/municipiodaguarda"]}]}},"_links":{"self":[{"href":"https:\/\/www.visitguarda.pt\/fr\/wp-json\/wp\/v2\/ponto_de_interesse\/11039","targetHints":{"allow":["GET"]}}],"collection":[{"href":"https:\/\/www.visitguarda.pt\/fr\/wp-json\/wp\/v2\/ponto_de_interesse"}],"about":[{"href":"https:\/\/www.visitguarda.pt\/fr\/wp-json\/wp\/v2\/types\/ponto_de_interesse"}],"wp:attachment":[{"href":"https:\/\/www.visitguarda.pt\/fr\/wp-json\/wp\/v2\/media?parent=11039"}],"wp:term":[{"taxonomy":"categoria_ponto_interesse","embeddable":true,"href":"https:\/\/www.visitguarda.pt\/fr\/wp-json\/wp\/v2\/categoria_ponto_interesse?post=11039"},{"taxonomy":"duracao","embeddable":true,"href":"https:\/\/www.visitguarda.pt\/fr\/wp-json\/wp\/v2\/duracao?post=11039"},{"taxonomy":"estacao_do_ano","embeddable":true,"href":"https:\/\/www.visitguarda.pt\/fr\/wp-json\/wp\/v2\/estacao_do_ano?post=11039"},{"taxonomy":"grupo_de_viagem","embeddable":true,"href":"https:\/\/www.visitguarda.pt\/fr\/wp-json\/wp\/v2\/grupo_de_viagem?post=11039"},{"taxonomy":"tipo_de_experiencia","embeddable":true,"href":"https:\/\/www.visitguarda.pt\/fr\/wp-json\/wp\/v2\/tipo_de_experiencia?post=11039"}],"curies":[{"name":"wp","href":"https:\/\/api.w.org\/{rel}","templated":true}]}}