{"id":19510,"date":"2024-05-28T16:54:00","date_gmt":"2024-05-28T16:54:00","guid":{"rendered":"https:\/\/www.visitguarda.pt\/ponto_de_interesse\/turismo-rural-macieira-brava\/"},"modified":"2026-03-12T13:10:06","modified_gmt":"2026-03-12T13:10:06","slug":"turismo-rural-macieira-brava","status":"publish","type":"ponto_de_interesse","link":"https:\/\/www.visitguarda.pt\/fr\/ponto_de_interesse\/turismo-rural-macieira-brava\/","title":{"rendered":"Tourisme Rural Macieira Brava"},"content":{"rendered":"<p>Dans un magnifique b\u00e2timent de maison traditionnelle beir\u00e3 en pierre de granit, situ\u00e9 sur une ferme qui a presque enti\u00e8rement br\u00fbl\u00e9 en 2003, se trouve le Tourisme Rural Macieira Brava. Le b\u00e2timent a \u00e9t\u00e9 agrandi gr\u00e2ce \u00e0 un projet architectural soign\u00e9, alliant tradition et modernit\u00e9. Le tourisme rural est nich\u00e9 en pleine nature, dans une vall\u00e9e prot\u00e9g\u00e9e par de petites montagnes, et offre tout le confort moderne (murs \u00e9pais en gros blocs de granit avec isolation thermique int\u00e9rieure, fen\u00eatres \u00e0 double vitrage et volets thermiques, moustiquaires, chauffage central, syst\u00e8me solaire thermique, cuisine \u00e9quip\u00e9e, chemin\u00e9es et po\u00eale \u00e0 bois, Wi-Fi, etc.)Il dispose \u00e9galement de vastes espaces ext\u00e9rieurs, qui changent de couleur au fil des saisons (jardin, terrasse, verger, ruisseau, etc.), offrant ainsi un cadre agr\u00e9able pour les h\u00f4tes. Un parking priv\u00e9 gratuit est \u00e9galement disponible.<\/p>\n","protected":false},"featured_media":0,"template":"","meta":{"_acf_changed":false},"categoria_ponto_interesse":[394],"duracao":[],"estacao_do_ano":[],"grupo_de_viagem":[],"tipo_de_experiencia":[],"class_list":["post-19510","ponto_de_interesse","type-ponto_de_interesse","status-publish","hentry","categoria_ponto_interesse-maisons-de-campagne"],"acf":[],"yoast_head":"<!-- This site is optimized with the Yoast SEO plugin v25.1 - https:\/\/yoast.com\/wordpress\/plugins\/seo\/ -->\n<title>Tourisme Rural Macieira Brava - VisitGuarda<\/title>\n<meta name=\"robots\" content=\"index, follow, max-snippet:-1, max-image-preview:large, max-video-preview:-1\" \/>\n<link rel=\"canonical\" href=\"https:\/\/www.visitguarda.pt\/ponto_de_interesse\/turismo-rural-macieira-brava\/\" \/>\n<meta property=\"og:locale\" content=\"fr_FR\" \/>\n<meta property=\"og:type\" content=\"article\" \/>\n<meta property=\"og:title\" content=\"Tourisme Rural Macieira Brava - VisitGuarda\" \/>\n<meta property=\"og:description\" content=\"Dans un magnifique b\u00e2timent de maison traditionnelle beir\u00e3 en pierre de granit, situ\u00e9 sur une ferme qui a presque enti\u00e8rement br\u00fbl\u00e9 en 2003, se trouve le Tourisme Rural Macieira Brava. Le b\u00e2timent a \u00e9t\u00e9 agrandi gr\u00e2ce \u00e0 un projet architectural soign\u00e9, alliant tradition et modernit\u00e9. Le tourisme rural est nich\u00e9 en pleine nature, dans une [&hellip;]\" \/>\n<meta property=\"og:url\" content=\"https:\/\/www.visitguarda.pt\/ponto_de_interesse\/turismo-rural-macieira-brava\/\" \/>\n<meta property=\"og:site_name\" content=\"VisitGuarda\" \/>\n<meta property=\"article:publisher\" content=\"https:\/\/fb.com\/MunicipioDaGuarda\" \/>\n<meta property=\"article:modified_time\" content=\"2026-03-12T13:10:06+00:00\" \/>\n<meta name=\"twitter:card\" content=\"summary_large_image\" \/>\n<meta name=\"twitter:label1\" content=\"Dur\u00e9e de lecture estim\u00e9e\" \/>\n\t<meta name=\"twitter:data1\" content=\"1 minute\" \/>\n<script type=\"application\/ld+json\" class=\"yoast-schema-graph\">{\"@context\":\"https:\/\/schema.org\",\"@graph\":[{\"@type\":\"WebPage\",\"@id\":\"https:\/\/www.visitguarda.pt\/ponto_de_interesse\/turismo-rural-macieira-brava\/\",\"url\":\"https:\/\/www.visitguarda.pt\/ponto_de_interesse\/turismo-rural-macieira-brava\/\",\"name\":\"Tourisme Rural Macieira Brava - VisitGuarda\",\"isPartOf\":{\"@id\":\"https:\/\/www.visitguarda.pt\/#website\"},\"datePublished\":\"2024-05-28T16:54:00+00:00\",\"dateModified\":\"2026-03-12T13:10:06+00:00\",\"breadcrumb\":{\"@id\":\"https:\/\/www.visitguarda.pt\/ponto_de_interesse\/turismo-rural-macieira-brava\/#breadcrumb\"},\"inLanguage\":\"fr-FR\",\"potentialAction\":[{\"@type\":\"ReadAction\",\"target\":[\"https:\/\/www.visitguarda.pt\/ponto_de_interesse\/turismo-rural-macieira-brava\/\"]}]},{\"@type\":\"BreadcrumbList\",\"@id\":\"https:\/\/www.visitguarda.pt\/ponto_de_interesse\/turismo-rural-macieira-brava\/#breadcrumb\",\"itemListElement\":[{\"@type\":\"ListItem\",\"position\":1,\"name\":\"In\u00edcio\",\"item\":\"https:\/\/www.visitguarda.pt\/fr\/\"},{\"@type\":\"ListItem\",\"position\":2,\"name\":\"Tourisme Rural Macieira Brava\"}]},{\"@type\":\"WebSite\",\"@id\":\"https:\/\/www.visitguarda.pt\/#website\",\"url\":\"https:\/\/www.visitguarda.pt\/\",\"name\":\"VisitGuarda\",\"description\":\"\",\"publisher\":{\"@id\":\"https:\/\/www.visitguarda.pt\/#organization\"},\"potentialAction\":[{\"@type\":\"SearchAction\",\"target\":{\"@type\":\"EntryPoint\",\"urlTemplate\":\"https:\/\/www.visitguarda.pt\/?s={search_term_string}\"},\"query-input\":{\"@type\":\"PropertyValueSpecification\",\"valueRequired\":true,\"valueName\":\"search_term_string\"}}],\"inLanguage\":\"fr-FR\"},{\"@type\":\"Organization\",\"@id\":\"https:\/\/www.visitguarda.pt\/#organization\",\"name\":\"Munic\u00edpio da Guarda\",\"url\":\"https:\/\/www.visitguarda.pt\/\",\"logo\":{\"@type\":\"ImageObject\",\"inLanguage\":\"fr-FR\",\"@id\":\"https:\/\/www.visitguarda.pt\/#\/schema\/logo\/image\/\",\"url\":\"https:\/\/www.visitguarda.pt\/wp-content\/uploads\/2025\/01\/logo_mun_guarda.jpg\",\"contentUrl\":\"https:\/\/www.visitguarda.pt\/wp-content\/uploads\/2025\/01\/logo_mun_guarda.jpg\",\"width\":1181,\"height\":1181,\"caption\":\"Munic\u00edpio da Guarda\"},\"image\":{\"@id\":\"https:\/\/www.visitguarda.pt\/#\/schema\/logo\/image\/\"},\"sameAs\":[\"https:\/\/fb.com\/MunicipioDaGuarda\",\"https:\/\/www.instagram.com\/municipiodaguarda\"]}]}<\/script>\n<!-- \/ Yoast SEO plugin. -->","yoast_head_json":{"title":"Tourisme Rural Macieira Brava - VisitGuarda","robots":{"index":"index","follow":"follow","max-snippet":"max-snippet:-1","max-image-preview":"max-image-preview:large","max-video-preview":"max-video-preview:-1"},"canonical":"https:\/\/www.visitguarda.pt\/ponto_de_interesse\/turismo-rural-macieira-brava\/","og_locale":"fr_FR","og_type":"article","og_title":"Tourisme Rural Macieira Brava - VisitGuarda","og_description":"Dans un magnifique b\u00e2timent de maison traditionnelle beir\u00e3 en pierre de granit, situ\u00e9 sur une ferme qui a presque enti\u00e8rement br\u00fbl\u00e9 en 2003, se trouve le Tourisme Rural Macieira Brava. Le b\u00e2timent a \u00e9t\u00e9 agrandi gr\u00e2ce \u00e0 un projet architectural soign\u00e9, alliant tradition et modernit\u00e9. Le tourisme rural est nich\u00e9 en pleine nature, dans une [&hellip;]","og_url":"https:\/\/www.visitguarda.pt\/ponto_de_interesse\/turismo-rural-macieira-brava\/","og_site_name":"VisitGuarda","article_publisher":"https:\/\/fb.com\/MunicipioDaGuarda","article_modified_time":"2026-03-12T13:10:06+00:00","twitter_card":"summary_large_image","twitter_misc":{"Dur\u00e9e de lecture estim\u00e9e":"1 minute"},"schema":{"@context":"https:\/\/schema.org","@graph":[{"@type":"WebPage","@id":"https:\/\/www.visitguarda.pt\/ponto_de_interesse\/turismo-rural-macieira-brava\/","url":"https:\/\/www.visitguarda.pt\/ponto_de_interesse\/turismo-rural-macieira-brava\/","name":"Tourisme Rural Macieira Brava - VisitGuarda","isPartOf":{"@id":"https:\/\/www.visitguarda.pt\/#website"},"datePublished":"2024-05-28T16:54:00+00:00","dateModified":"2026-03-12T13:10:06+00:00","breadcrumb":{"@id":"https:\/\/www.visitguarda.pt\/ponto_de_interesse\/turismo-rural-macieira-brava\/#breadcrumb"},"inLanguage":"fr-FR","potentialAction":[{"@type":"ReadAction","target":["https:\/\/www.visitguarda.pt\/ponto_de_interesse\/turismo-rural-macieira-brava\/"]}]},{"@type":"BreadcrumbList","@id":"https:\/\/www.visitguarda.pt\/ponto_de_interesse\/turismo-rural-macieira-brava\/#breadcrumb","itemListElement":[{"@type":"ListItem","position":1,"name":"In\u00edcio","item":"https:\/\/www.visitguarda.pt\/fr\/"},{"@type":"ListItem","position":2,"name":"Tourisme Rural Macieira Brava"}]},{"@type":"WebSite","@id":"https:\/\/www.visitguarda.pt\/#website","url":"https:\/\/www.visitguarda.pt\/","name":"VisitGuarda","description":"","publisher":{"@id":"https:\/\/www.visitguarda.pt\/#organization"},"potentialAction":[{"@type":"SearchAction","target":{"@type":"EntryPoint","urlTemplate":"https:\/\/www.visitguarda.pt\/?s={search_term_string}"},"query-input":{"@type":"PropertyValueSpecification","valueRequired":true,"valueName":"search_term_string"}}],"inLanguage":"fr-FR"},{"@type":"Organization","@id":"https:\/\/www.visitguarda.pt\/#organization","name":"Munic\u00edpio da Guarda","url":"https:\/\/www.visitguarda.pt\/","logo":{"@type":"ImageObject","inLanguage":"fr-FR","@id":"https:\/\/www.visitguarda.pt\/#\/schema\/logo\/image\/","url":"https:\/\/www.visitguarda.pt\/wp-content\/uploads\/2025\/01\/logo_mun_guarda.jpg","contentUrl":"https:\/\/www.visitguarda.pt\/wp-content\/uploads\/2025\/01\/logo_mun_guarda.jpg","width":1181,"height":1181,"caption":"Munic\u00edpio da Guarda"},"image":{"@id":"https:\/\/www.visitguarda.pt\/#\/schema\/logo\/image\/"},"sameAs":["https:\/\/fb.com\/MunicipioDaGuarda","https:\/\/www.instagram.com\/municipiodaguarda"]}]}},"_links":{"self":[{"href":"https:\/\/www.visitguarda.pt\/fr\/wp-json\/wp\/v2\/ponto_de_interesse\/19510","targetHints":{"allow":["GET"]}}],"collection":[{"href":"https:\/\/www.visitguarda.pt\/fr\/wp-json\/wp\/v2\/ponto_de_interesse"}],"about":[{"href":"https:\/\/www.visitguarda.pt\/fr\/wp-json\/wp\/v2\/types\/ponto_de_interesse"}],"wp:attachment":[{"href":"https:\/\/www.visitguarda.pt\/fr\/wp-json\/wp\/v2\/media?parent=19510"}],"wp:term":[{"taxonomy":"categoria_ponto_interesse","embeddable":true,"href":"https:\/\/www.visitguarda.pt\/fr\/wp-json\/wp\/v2\/categoria_ponto_interesse?post=19510"},{"taxonomy":"duracao","embeddable":true,"href":"https:\/\/www.visitguarda.pt\/fr\/wp-json\/wp\/v2\/duracao?post=19510"},{"taxonomy":"estacao_do_ano","embeddable":true,"href":"https:\/\/www.visitguarda.pt\/fr\/wp-json\/wp\/v2\/estacao_do_ano?post=19510"},{"taxonomy":"grupo_de_viagem","embeddable":true,"href":"https:\/\/www.visitguarda.pt\/fr\/wp-json\/wp\/v2\/grupo_de_viagem?post=19510"},{"taxonomy":"tipo_de_experiencia","embeddable":true,"href":"https:\/\/www.visitguarda.pt\/fr\/wp-json\/wp\/v2\/tipo_de_experiencia?post=19510"}],"curies":[{"name":"wp","href":"https:\/\/api.w.org\/{rel}","templated":true}]}}