{"id":20189,"date":"2025-04-08T14:08:31","date_gmt":"2025-04-08T14:08:31","guid":{"rendered":"https:\/\/www.visitguarda.pt\/ponto_de_interesse\/xxx\/"},"modified":"2026-03-12T13:15:28","modified_gmt":"2026-03-12T13:15:28","slug":"xxx","status":"publish","type":"ponto_de_interesse","link":"https:\/\/www.visitguarda.pt\/fr\/ponto_de_interesse\/xxx\/","title":{"rendered":"Monument \u00e0 Augusto Gil"},"content":{"rendered":"<p>L&#8217;emplacement a suscit\u00e9 la controverse et le monument a \u00e9t\u00e9 d\u00e9mont\u00e9 et d\u00e9plac\u00e9 au Largo de S. Jo\u00e3o. Il a \u00e9t\u00e9 achev\u00e9 en 1940, mais n&rsquo;a jamais \u00e9t\u00e9 inaugur\u00e9. \u00c0 l&rsquo;\u00e9poque, il s&rsquo;agissait de la plus belle \u0153uvre d&rsquo;art public de la ville, avec la particularit\u00e9 de ne pas honorer une personnalit\u00e9 du monde de la m\u00e9decine.Le monument \u00e9rig\u00e9 a \u00e9t\u00e9 con\u00e7u par Jo\u00e3o da Silva (1880-1960), ami du po\u00e8te et de sa famille, adepte de la sculpture symboliste et grand innovateur de la m\u00e9daille frapp\u00e9e au Portugal. Le pi\u00e9destal est surmont\u00e9 d&rsquo;une sculpture en bronze repr\u00e9sentant la Muse Polymnia ; sa main gauche est lev\u00e9e, tenant des fleurs comme si elle les lan\u00e7ait, et sa main droite tient une cithare. Sur la face avant se trouve un m\u00e9daillon en bronze en moyen relief repr\u00e9sentant le buste d&rsquo;Augusto Gil.<\/p>\n","protected":false},"featured_media":0,"template":"","meta":{"_acf_changed":false},"categoria_ponto_interesse":[249],"duracao":[],"estacao_do_ano":[],"grupo_de_viagem":[],"tipo_de_experiencia":[],"class_list":["post-20189","ponto_de_interesse","type-ponto_de_interesse","status-publish","hentry","categoria_ponto_interesse-monuments-patrimoine"],"acf":[],"yoast_head":"<!-- This site is optimized with the Yoast SEO plugin v25.1 - https:\/\/yoast.com\/wordpress\/plugins\/seo\/ -->\n<title>Monument \u00e0 Augusto Gil - VisitGuarda<\/title>\n<meta name=\"robots\" content=\"index, follow, max-snippet:-1, max-image-preview:large, max-video-preview:-1\" \/>\n<link rel=\"canonical\" href=\"https:\/\/www.visitguarda.pt\/ponto_de_interesse\/xxx\/\" \/>\n<meta property=\"og:locale\" content=\"fr_FR\" \/>\n<meta property=\"og:type\" content=\"article\" \/>\n<meta property=\"og:title\" content=\"Monument \u00e0 Augusto Gil - VisitGuarda\" \/>\n<meta property=\"og:description\" content=\"L&#8217;emplacement a suscit\u00e9 la controverse et le monument a \u00e9t\u00e9 d\u00e9mont\u00e9 et d\u00e9plac\u00e9 au Largo de S. Jo\u00e3o. Il a \u00e9t\u00e9 achev\u00e9 en 1940, mais n&rsquo;a jamais \u00e9t\u00e9 inaugur\u00e9. \u00c0 l&rsquo;\u00e9poque, il s&rsquo;agissait de la plus belle \u0153uvre d&rsquo;art public de la ville, avec la particularit\u00e9 de ne pas honorer une personnalit\u00e9 du monde de [&hellip;]\" \/>\n<meta property=\"og:url\" content=\"https:\/\/www.visitguarda.pt\/ponto_de_interesse\/xxx\/\" \/>\n<meta property=\"og:site_name\" content=\"VisitGuarda\" \/>\n<meta property=\"article:publisher\" content=\"https:\/\/fb.com\/MunicipioDaGuarda\" \/>\n<meta property=\"article:modified_time\" content=\"2026-03-12T13:15:28+00:00\" \/>\n<meta name=\"twitter:card\" content=\"summary_large_image\" \/>\n<meta name=\"twitter:label1\" content=\"Dur\u00e9e de lecture estim\u00e9e\" \/>\n\t<meta name=\"twitter:data1\" content=\"1 minute\" \/>\n<script type=\"application\/ld+json\" class=\"yoast-schema-graph\">{\"@context\":\"https:\/\/schema.org\",\"@graph\":[{\"@type\":\"WebPage\",\"@id\":\"https:\/\/www.visitguarda.pt\/ponto_de_interesse\/xxx\/\",\"url\":\"https:\/\/www.visitguarda.pt\/ponto_de_interesse\/xxx\/\",\"name\":\"Monument \u00e0 Augusto Gil - VisitGuarda\",\"isPartOf\":{\"@id\":\"https:\/\/www.visitguarda.pt\/#website\"},\"datePublished\":\"2025-04-08T14:08:31+00:00\",\"dateModified\":\"2026-03-12T13:15:28+00:00\",\"breadcrumb\":{\"@id\":\"https:\/\/www.visitguarda.pt\/ponto_de_interesse\/xxx\/#breadcrumb\"},\"inLanguage\":\"fr-FR\",\"potentialAction\":[{\"@type\":\"ReadAction\",\"target\":[\"https:\/\/www.visitguarda.pt\/ponto_de_interesse\/xxx\/\"]}]},{\"@type\":\"BreadcrumbList\",\"@id\":\"https:\/\/www.visitguarda.pt\/ponto_de_interesse\/xxx\/#breadcrumb\",\"itemListElement\":[{\"@type\":\"ListItem\",\"position\":1,\"name\":\"In\u00edcio\",\"item\":\"https:\/\/www.visitguarda.pt\/fr\/\"},{\"@type\":\"ListItem\",\"position\":2,\"name\":\"Monument \u00e0 Augusto Gil\"}]},{\"@type\":\"WebSite\",\"@id\":\"https:\/\/www.visitguarda.pt\/#website\",\"url\":\"https:\/\/www.visitguarda.pt\/\",\"name\":\"VisitGuarda\",\"description\":\"\",\"publisher\":{\"@id\":\"https:\/\/www.visitguarda.pt\/#organization\"},\"potentialAction\":[{\"@type\":\"SearchAction\",\"target\":{\"@type\":\"EntryPoint\",\"urlTemplate\":\"https:\/\/www.visitguarda.pt\/?s={search_term_string}\"},\"query-input\":{\"@type\":\"PropertyValueSpecification\",\"valueRequired\":true,\"valueName\":\"search_term_string\"}}],\"inLanguage\":\"fr-FR\"},{\"@type\":\"Organization\",\"@id\":\"https:\/\/www.visitguarda.pt\/#organization\",\"name\":\"Munic\u00edpio da Guarda\",\"url\":\"https:\/\/www.visitguarda.pt\/\",\"logo\":{\"@type\":\"ImageObject\",\"inLanguage\":\"fr-FR\",\"@id\":\"https:\/\/www.visitguarda.pt\/#\/schema\/logo\/image\/\",\"url\":\"https:\/\/www.visitguarda.pt\/wp-content\/uploads\/2025\/01\/logo_mun_guarda.jpg\",\"contentUrl\":\"https:\/\/www.visitguarda.pt\/wp-content\/uploads\/2025\/01\/logo_mun_guarda.jpg\",\"width\":1181,\"height\":1181,\"caption\":\"Munic\u00edpio da Guarda\"},\"image\":{\"@id\":\"https:\/\/www.visitguarda.pt\/#\/schema\/logo\/image\/\"},\"sameAs\":[\"https:\/\/fb.com\/MunicipioDaGuarda\",\"https:\/\/www.instagram.com\/municipiodaguarda\"]}]}<\/script>\n<!-- \/ Yoast SEO plugin. -->","yoast_head_json":{"title":"Monument \u00e0 Augusto Gil - VisitGuarda","robots":{"index":"index","follow":"follow","max-snippet":"max-snippet:-1","max-image-preview":"max-image-preview:large","max-video-preview":"max-video-preview:-1"},"canonical":"https:\/\/www.visitguarda.pt\/ponto_de_interesse\/xxx\/","og_locale":"fr_FR","og_type":"article","og_title":"Monument \u00e0 Augusto Gil - VisitGuarda","og_description":"L&#8217;emplacement a suscit\u00e9 la controverse et le monument a \u00e9t\u00e9 d\u00e9mont\u00e9 et d\u00e9plac\u00e9 au Largo de S. Jo\u00e3o. Il a \u00e9t\u00e9 achev\u00e9 en 1940, mais n&rsquo;a jamais \u00e9t\u00e9 inaugur\u00e9. \u00c0 l&rsquo;\u00e9poque, il s&rsquo;agissait de la plus belle \u0153uvre d&rsquo;art public de la ville, avec la particularit\u00e9 de ne pas honorer une personnalit\u00e9 du monde de [&hellip;]","og_url":"https:\/\/www.visitguarda.pt\/ponto_de_interesse\/xxx\/","og_site_name":"VisitGuarda","article_publisher":"https:\/\/fb.com\/MunicipioDaGuarda","article_modified_time":"2026-03-12T13:15:28+00:00","twitter_card":"summary_large_image","twitter_misc":{"Dur\u00e9e de lecture estim\u00e9e":"1 minute"},"schema":{"@context":"https:\/\/schema.org","@graph":[{"@type":"WebPage","@id":"https:\/\/www.visitguarda.pt\/ponto_de_interesse\/xxx\/","url":"https:\/\/www.visitguarda.pt\/ponto_de_interesse\/xxx\/","name":"Monument \u00e0 Augusto Gil - VisitGuarda","isPartOf":{"@id":"https:\/\/www.visitguarda.pt\/#website"},"datePublished":"2025-04-08T14:08:31+00:00","dateModified":"2026-03-12T13:15:28+00:00","breadcrumb":{"@id":"https:\/\/www.visitguarda.pt\/ponto_de_interesse\/xxx\/#breadcrumb"},"inLanguage":"fr-FR","potentialAction":[{"@type":"ReadAction","target":["https:\/\/www.visitguarda.pt\/ponto_de_interesse\/xxx\/"]}]},{"@type":"BreadcrumbList","@id":"https:\/\/www.visitguarda.pt\/ponto_de_interesse\/xxx\/#breadcrumb","itemListElement":[{"@type":"ListItem","position":1,"name":"In\u00edcio","item":"https:\/\/www.visitguarda.pt\/fr\/"},{"@type":"ListItem","position":2,"name":"Monument \u00e0 Augusto Gil"}]},{"@type":"WebSite","@id":"https:\/\/www.visitguarda.pt\/#website","url":"https:\/\/www.visitguarda.pt\/","name":"VisitGuarda","description":"","publisher":{"@id":"https:\/\/www.visitguarda.pt\/#organization"},"potentialAction":[{"@type":"SearchAction","target":{"@type":"EntryPoint","urlTemplate":"https:\/\/www.visitguarda.pt\/?s={search_term_string}"},"query-input":{"@type":"PropertyValueSpecification","valueRequired":true,"valueName":"search_term_string"}}],"inLanguage":"fr-FR"},{"@type":"Organization","@id":"https:\/\/www.visitguarda.pt\/#organization","name":"Munic\u00edpio da Guarda","url":"https:\/\/www.visitguarda.pt\/","logo":{"@type":"ImageObject","inLanguage":"fr-FR","@id":"https:\/\/www.visitguarda.pt\/#\/schema\/logo\/image\/","url":"https:\/\/www.visitguarda.pt\/wp-content\/uploads\/2025\/01\/logo_mun_guarda.jpg","contentUrl":"https:\/\/www.visitguarda.pt\/wp-content\/uploads\/2025\/01\/logo_mun_guarda.jpg","width":1181,"height":1181,"caption":"Munic\u00edpio da Guarda"},"image":{"@id":"https:\/\/www.visitguarda.pt\/#\/schema\/logo\/image\/"},"sameAs":["https:\/\/fb.com\/MunicipioDaGuarda","https:\/\/www.instagram.com\/municipiodaguarda"]}]}},"_links":{"self":[{"href":"https:\/\/www.visitguarda.pt\/fr\/wp-json\/wp\/v2\/ponto_de_interesse\/20189","targetHints":{"allow":["GET"]}}],"collection":[{"href":"https:\/\/www.visitguarda.pt\/fr\/wp-json\/wp\/v2\/ponto_de_interesse"}],"about":[{"href":"https:\/\/www.visitguarda.pt\/fr\/wp-json\/wp\/v2\/types\/ponto_de_interesse"}],"wp:attachment":[{"href":"https:\/\/www.visitguarda.pt\/fr\/wp-json\/wp\/v2\/media?parent=20189"}],"wp:term":[{"taxonomy":"categoria_ponto_interesse","embeddable":true,"href":"https:\/\/www.visitguarda.pt\/fr\/wp-json\/wp\/v2\/categoria_ponto_interesse?post=20189"},{"taxonomy":"duracao","embeddable":true,"href":"https:\/\/www.visitguarda.pt\/fr\/wp-json\/wp\/v2\/duracao?post=20189"},{"taxonomy":"estacao_do_ano","embeddable":true,"href":"https:\/\/www.visitguarda.pt\/fr\/wp-json\/wp\/v2\/estacao_do_ano?post=20189"},{"taxonomy":"grupo_de_viagem","embeddable":true,"href":"https:\/\/www.visitguarda.pt\/fr\/wp-json\/wp\/v2\/grupo_de_viagem?post=20189"},{"taxonomy":"tipo_de_experiencia","embeddable":true,"href":"https:\/\/www.visitguarda.pt\/fr\/wp-json\/wp\/v2\/tipo_de_experiencia?post=20189"}],"curies":[{"name":"wp","href":"https:\/\/api.w.org\/{rel}","templated":true}]}}