{"id":20218,"date":"2025-05-23T10:09:52","date_gmt":"2025-05-23T10:09:52","guid":{"rendered":"https:\/\/www.visitguarda.pt\/ponto_de_interesse\/azulejo-de-frei-pedro-da-guarda\/"},"modified":"2026-03-12T13:15:45","modified_gmt":"2026-03-12T13:15:45","slug":"azulejo-de-frei-pedro-da-guarda","status":"publish","type":"ponto_de_interesse","link":"https:\/\/www.visitguarda.pt\/fr\/ponto_de_interesse\/azulejo-de-frei-pedro-da-guarda\/","title":{"rendered":"Carreau du fr\u00e8re Pedro da Guarda"},"content":{"rendered":"<p>Fr\u00e8re Pedro da Guarda : Il est n\u00e9 en 1435 dans la ville haute, fils de Jo\u00e3o Lu\u00eds, tisserand, et de \u00c2ngela Gon\u00e7alves. Franciscain \u00e0 l&rsquo;\u00e2ge de 25 ans, il se consacre au sauvetage des voyageurs perdus dans les montagnes enneig\u00e9es, toujours accompagn\u00e9 de son chien Serra da Estrela, qui aurait sauv\u00e9 des centaines de vies. Il aidait \u00e9galement les malades, ayant fond\u00e9 \u00e0 cette fin le premier h\u00f4pital de Guarda. Sa r\u00e9putation de saintet\u00e9 et sa notori\u00e9t\u00e9, qui contrastent avec sa profonde humilit\u00e9, l&rsquo;ont conduit, \u00e0 l&rsquo;\u00e2ge de 50 ans, \u00e0 s&rsquo;installer au couvent de Saint-Bernard, sur l&rsquo;\u00eele de Mad\u00e8re, alors presque d\u00e9peupl\u00e9e, o\u00f9 il est mort \u00e0 l&rsquo;\u00e2ge de 70 ans, sous le nom de \u00ab Serviteur de Dieu \u00bb.<\/p>\n","protected":false},"featured_media":0,"template":"","meta":{"_acf_changed":false},"categoria_ponto_interesse":[249],"duracao":[],"estacao_do_ano":[],"grupo_de_viagem":[],"tipo_de_experiencia":[],"class_list":["post-20218","ponto_de_interesse","type-ponto_de_interesse","status-publish","hentry","categoria_ponto_interesse-monuments-patrimoine"],"acf":[],"yoast_head":"<!-- This site is optimized with the Yoast SEO plugin v25.1 - https:\/\/yoast.com\/wordpress\/plugins\/seo\/ -->\n<title>Carreau du fr\u00e8re Pedro da Guarda - VisitGuarda<\/title>\n<meta name=\"robots\" content=\"index, follow, max-snippet:-1, max-image-preview:large, max-video-preview:-1\" \/>\n<link rel=\"canonical\" href=\"https:\/\/www.visitguarda.pt\/ponto_de_interesse\/azulejo-de-frei-pedro-da-guarda\/\" \/>\n<meta property=\"og:locale\" content=\"fr_FR\" \/>\n<meta property=\"og:type\" content=\"article\" \/>\n<meta property=\"og:title\" content=\"Carreau du fr\u00e8re Pedro da Guarda - VisitGuarda\" \/>\n<meta property=\"og:description\" content=\"Fr\u00e8re Pedro da Guarda : Il est n\u00e9 en 1435 dans la ville haute, fils de Jo\u00e3o Lu\u00eds, tisserand, et de \u00c2ngela Gon\u00e7alves. Franciscain \u00e0 l&rsquo;\u00e2ge de 25 ans, il se consacre au sauvetage des voyageurs perdus dans les montagnes enneig\u00e9es, toujours accompagn\u00e9 de son chien Serra da Estrela, qui aurait sauv\u00e9 des centaines de [&hellip;]\" \/>\n<meta property=\"og:url\" content=\"https:\/\/www.visitguarda.pt\/ponto_de_interesse\/azulejo-de-frei-pedro-da-guarda\/\" \/>\n<meta property=\"og:site_name\" content=\"VisitGuarda\" \/>\n<meta property=\"article:publisher\" content=\"https:\/\/fb.com\/MunicipioDaGuarda\" \/>\n<meta property=\"article:modified_time\" content=\"2026-03-12T13:15:45+00:00\" \/>\n<meta name=\"twitter:card\" content=\"summary_large_image\" \/>\n<meta name=\"twitter:label1\" content=\"Dur\u00e9e de lecture estim\u00e9e\" \/>\n\t<meta name=\"twitter:data1\" content=\"1 minute\" \/>\n<script type=\"application\/ld+json\" class=\"yoast-schema-graph\">{\"@context\":\"https:\/\/schema.org\",\"@graph\":[{\"@type\":\"WebPage\",\"@id\":\"https:\/\/www.visitguarda.pt\/ponto_de_interesse\/azulejo-de-frei-pedro-da-guarda\/\",\"url\":\"https:\/\/www.visitguarda.pt\/ponto_de_interesse\/azulejo-de-frei-pedro-da-guarda\/\",\"name\":\"Carreau du fr\u00e8re Pedro da Guarda - VisitGuarda\",\"isPartOf\":{\"@id\":\"https:\/\/www.visitguarda.pt\/#website\"},\"datePublished\":\"2025-05-23T10:09:52+00:00\",\"dateModified\":\"2026-03-12T13:15:45+00:00\",\"breadcrumb\":{\"@id\":\"https:\/\/www.visitguarda.pt\/ponto_de_interesse\/azulejo-de-frei-pedro-da-guarda\/#breadcrumb\"},\"inLanguage\":\"fr-FR\",\"potentialAction\":[{\"@type\":\"ReadAction\",\"target\":[\"https:\/\/www.visitguarda.pt\/ponto_de_interesse\/azulejo-de-frei-pedro-da-guarda\/\"]}]},{\"@type\":\"BreadcrumbList\",\"@id\":\"https:\/\/www.visitguarda.pt\/ponto_de_interesse\/azulejo-de-frei-pedro-da-guarda\/#breadcrumb\",\"itemListElement\":[{\"@type\":\"ListItem\",\"position\":1,\"name\":\"In\u00edcio\",\"item\":\"https:\/\/www.visitguarda.pt\/fr\/\"},{\"@type\":\"ListItem\",\"position\":2,\"name\":\"Carreau du fr\u00e8re Pedro da Guarda\"}]},{\"@type\":\"WebSite\",\"@id\":\"https:\/\/www.visitguarda.pt\/#website\",\"url\":\"https:\/\/www.visitguarda.pt\/\",\"name\":\"VisitGuarda\",\"description\":\"\",\"publisher\":{\"@id\":\"https:\/\/www.visitguarda.pt\/#organization\"},\"potentialAction\":[{\"@type\":\"SearchAction\",\"target\":{\"@type\":\"EntryPoint\",\"urlTemplate\":\"https:\/\/www.visitguarda.pt\/?s={search_term_string}\"},\"query-input\":{\"@type\":\"PropertyValueSpecification\",\"valueRequired\":true,\"valueName\":\"search_term_string\"}}],\"inLanguage\":\"fr-FR\"},{\"@type\":\"Organization\",\"@id\":\"https:\/\/www.visitguarda.pt\/#organization\",\"name\":\"Munic\u00edpio da Guarda\",\"url\":\"https:\/\/www.visitguarda.pt\/\",\"logo\":{\"@type\":\"ImageObject\",\"inLanguage\":\"fr-FR\",\"@id\":\"https:\/\/www.visitguarda.pt\/#\/schema\/logo\/image\/\",\"url\":\"https:\/\/www.visitguarda.pt\/wp-content\/uploads\/2025\/01\/logo_mun_guarda.jpg\",\"contentUrl\":\"https:\/\/www.visitguarda.pt\/wp-content\/uploads\/2025\/01\/logo_mun_guarda.jpg\",\"width\":1181,\"height\":1181,\"caption\":\"Munic\u00edpio da Guarda\"},\"image\":{\"@id\":\"https:\/\/www.visitguarda.pt\/#\/schema\/logo\/image\/\"},\"sameAs\":[\"https:\/\/fb.com\/MunicipioDaGuarda\",\"https:\/\/www.instagram.com\/municipiodaguarda\"]}]}<\/script>\n<!-- \/ Yoast SEO plugin. -->","yoast_head_json":{"title":"Carreau du fr\u00e8re Pedro da Guarda - VisitGuarda","robots":{"index":"index","follow":"follow","max-snippet":"max-snippet:-1","max-image-preview":"max-image-preview:large","max-video-preview":"max-video-preview:-1"},"canonical":"https:\/\/www.visitguarda.pt\/ponto_de_interesse\/azulejo-de-frei-pedro-da-guarda\/","og_locale":"fr_FR","og_type":"article","og_title":"Carreau du fr\u00e8re Pedro da Guarda - VisitGuarda","og_description":"Fr\u00e8re Pedro da Guarda : Il est n\u00e9 en 1435 dans la ville haute, fils de Jo\u00e3o Lu\u00eds, tisserand, et de \u00c2ngela Gon\u00e7alves. Franciscain \u00e0 l&rsquo;\u00e2ge de 25 ans, il se consacre au sauvetage des voyageurs perdus dans les montagnes enneig\u00e9es, toujours accompagn\u00e9 de son chien Serra da Estrela, qui aurait sauv\u00e9 des centaines de [&hellip;]","og_url":"https:\/\/www.visitguarda.pt\/ponto_de_interesse\/azulejo-de-frei-pedro-da-guarda\/","og_site_name":"VisitGuarda","article_publisher":"https:\/\/fb.com\/MunicipioDaGuarda","article_modified_time":"2026-03-12T13:15:45+00:00","twitter_card":"summary_large_image","twitter_misc":{"Dur\u00e9e de lecture estim\u00e9e":"1 minute"},"schema":{"@context":"https:\/\/schema.org","@graph":[{"@type":"WebPage","@id":"https:\/\/www.visitguarda.pt\/ponto_de_interesse\/azulejo-de-frei-pedro-da-guarda\/","url":"https:\/\/www.visitguarda.pt\/ponto_de_interesse\/azulejo-de-frei-pedro-da-guarda\/","name":"Carreau du fr\u00e8re Pedro da Guarda - VisitGuarda","isPartOf":{"@id":"https:\/\/www.visitguarda.pt\/#website"},"datePublished":"2025-05-23T10:09:52+00:00","dateModified":"2026-03-12T13:15:45+00:00","breadcrumb":{"@id":"https:\/\/www.visitguarda.pt\/ponto_de_interesse\/azulejo-de-frei-pedro-da-guarda\/#breadcrumb"},"inLanguage":"fr-FR","potentialAction":[{"@type":"ReadAction","target":["https:\/\/www.visitguarda.pt\/ponto_de_interesse\/azulejo-de-frei-pedro-da-guarda\/"]}]},{"@type":"BreadcrumbList","@id":"https:\/\/www.visitguarda.pt\/ponto_de_interesse\/azulejo-de-frei-pedro-da-guarda\/#breadcrumb","itemListElement":[{"@type":"ListItem","position":1,"name":"In\u00edcio","item":"https:\/\/www.visitguarda.pt\/fr\/"},{"@type":"ListItem","position":2,"name":"Carreau du fr\u00e8re Pedro da Guarda"}]},{"@type":"WebSite","@id":"https:\/\/www.visitguarda.pt\/#website","url":"https:\/\/www.visitguarda.pt\/","name":"VisitGuarda","description":"","publisher":{"@id":"https:\/\/www.visitguarda.pt\/#organization"},"potentialAction":[{"@type":"SearchAction","target":{"@type":"EntryPoint","urlTemplate":"https:\/\/www.visitguarda.pt\/?s={search_term_string}"},"query-input":{"@type":"PropertyValueSpecification","valueRequired":true,"valueName":"search_term_string"}}],"inLanguage":"fr-FR"},{"@type":"Organization","@id":"https:\/\/www.visitguarda.pt\/#organization","name":"Munic\u00edpio da Guarda","url":"https:\/\/www.visitguarda.pt\/","logo":{"@type":"ImageObject","inLanguage":"fr-FR","@id":"https:\/\/www.visitguarda.pt\/#\/schema\/logo\/image\/","url":"https:\/\/www.visitguarda.pt\/wp-content\/uploads\/2025\/01\/logo_mun_guarda.jpg","contentUrl":"https:\/\/www.visitguarda.pt\/wp-content\/uploads\/2025\/01\/logo_mun_guarda.jpg","width":1181,"height":1181,"caption":"Munic\u00edpio da Guarda"},"image":{"@id":"https:\/\/www.visitguarda.pt\/#\/schema\/logo\/image\/"},"sameAs":["https:\/\/fb.com\/MunicipioDaGuarda","https:\/\/www.instagram.com\/municipiodaguarda"]}]}},"_links":{"self":[{"href":"https:\/\/www.visitguarda.pt\/fr\/wp-json\/wp\/v2\/ponto_de_interesse\/20218","targetHints":{"allow":["GET"]}}],"collection":[{"href":"https:\/\/www.visitguarda.pt\/fr\/wp-json\/wp\/v2\/ponto_de_interesse"}],"about":[{"href":"https:\/\/www.visitguarda.pt\/fr\/wp-json\/wp\/v2\/types\/ponto_de_interesse"}],"wp:attachment":[{"href":"https:\/\/www.visitguarda.pt\/fr\/wp-json\/wp\/v2\/media?parent=20218"}],"wp:term":[{"taxonomy":"categoria_ponto_interesse","embeddable":true,"href":"https:\/\/www.visitguarda.pt\/fr\/wp-json\/wp\/v2\/categoria_ponto_interesse?post=20218"},{"taxonomy":"duracao","embeddable":true,"href":"https:\/\/www.visitguarda.pt\/fr\/wp-json\/wp\/v2\/duracao?post=20218"},{"taxonomy":"estacao_do_ano","embeddable":true,"href":"https:\/\/www.visitguarda.pt\/fr\/wp-json\/wp\/v2\/estacao_do_ano?post=20218"},{"taxonomy":"grupo_de_viagem","embeddable":true,"href":"https:\/\/www.visitguarda.pt\/fr\/wp-json\/wp\/v2\/grupo_de_viagem?post=20218"},{"taxonomy":"tipo_de_experiencia","embeddable":true,"href":"https:\/\/www.visitguarda.pt\/fr\/wp-json\/wp\/v2\/tipo_de_experiencia?post=20218"}],"curies":[{"name":"wp","href":"https:\/\/api.w.org\/{rel}","templated":true}]}}